{"version":"1.0","provider_name":"C\u00e1mara de Comercio de Valencia","provider_url":"https:\/\/www.camaravalencia.com\/va\/","title":"Automatitzaci\u00f3 de publicacions per a vendre m\u00e9s - C\u00e1mara de Comercio de Valencia","type":"rich","width":600,"height":338,"html":"<blockquote class=\"wp-embedded-content\" data-secret=\"aS5IErqjV2\"><a href=\"https:\/\/www.camaravalencia.com\/va\/jornadas\/automatitzacio-de-publicacions-per-a-vendre-mes-2\/\">Automatitzaci\u00f3 de publicacions per a vendre m\u00e9s<\/a><\/blockquote><iframe sandbox=\"allow-scripts\" security=\"restricted\" src=\"https:\/\/www.camaravalencia.com\/va\/jornadas\/automatitzacio-de-publicacions-per-a-vendre-mes-2\/embed\/#?secret=aS5IErqjV2\" width=\"600\" height=\"338\" title=\"&#8220;Automatitzaci\u00f3 de publicacions per a vendre m\u00e9s&#8221; &#8212; C\u00e1mara de Comercio de Valencia\" data-secret=\"aS5IErqjV2\" frameborder=\"0\" marginwidth=\"0\" marginheight=\"0\" scrolling=\"no\" class=\"wp-embedded-content\"><\/iframe><script>\n\/*! This file is auto-generated *\/\n!function(d,l){\"use strict\";l.querySelector&&d.addEventListener&&\"undefined\"!=typeof URL&&(d.wp=d.wp||{},d.wp.receiveEmbedMessage||(d.wp.receiveEmbedMessage=function(e){var t=e.data;if((t||t.secret||t.message||t.value)&&!\/[^a-zA-Z0-9]\/.test(t.secret)){for(var s,r,n,a=l.querySelectorAll('iframe[data-secret=\"'+t.secret+'\"]'),o=l.querySelectorAll('blockquote[data-secret=\"'+t.secret+'\"]'),c=new RegExp(\"^https?:$\",\"i\"),i=0;i<o.length;i++)o[i].style.display=\"none\";for(i=0;i<a.length;i++)s=a[i],e.source===s.contentWindow&&(s.removeAttribute(\"style\"),\"height\"===t.message?(1e3<(r=parseInt(t.value,10))?r=1e3:~~r<200&&(r=200),s.height=r):\"link\"===t.message&&(r=new URL(s.getAttribute(\"src\")),n=new URL(t.value),c.test(n.protocol))&&n.host===r.host&&l.activeElement===s&&(d.top.location.href=t.value))}},d.addEventListener(\"message\",d.wp.receiveEmbedMessage,!1),l.addEventListener(\"DOMContentLoaded\",function(){for(var e,t,s=l.querySelectorAll(\"iframe.wp-embedded-content\"),r=0;r<s.length;r++)(t=(e=s[r]).getAttribute(\"data-secret\"))||(t=Math.random().toString(36).substring(2,12),e.src+=\"#?secret=\"+t,e.setAttribute(\"data-secret\",t)),e.contentWindow.postMessage({message:\"ready\",secret:t},\"*\")},!1)))}(window,document);\n\/\/# sourceURL=https:\/\/www.camaravalencia.com\/wp-includes\/js\/wp-embed.min.js\n<\/script>\n","thumbnail_url":"https:\/\/www.camaravalencia.com\/wp-content\/uploads\/2023\/10\/16102023-BANNER_DESTACADO_EN-250x200-2.jpg","thumbnail_width":250,"thumbnail_height":200,"description":"Per a vendre m\u00e9s i preparar les campanyes comercials, \u00e9s necessari anticipar i planificar tenint en compte l'estacionalitat, les campanyes tradicionals, llan\u00e7ament de nous productes, dates de menor venda, etc. Mitjan\u00e7ant l'automatitzaci\u00f3 de publicacions en xarxes socials aconseguirem organitzar millor el treball de planificaci\u00f3 de campanyes comercials. En *Shop *Explosion portem m\u00e9s de 10 anys treballant amb centenars d'empreses i ajudant-les a\u00a0 optimitzar les seues vendes en l\u00ednia i offline. En este seminari web us contarem el que sabem sobre\u00a0planificaci\u00f3 de campanyes per a comer\u00e7, m\u00e0rqueting del bo."}