{"version":"1.0","provider_name":"C\u00e1mara de Comercio de Valencia","provider_url":"https:\/\/www.camaravalencia.com\/va\/","title":"Edici\u00f3 de v\u00eddeo per a xarxes socials. Iniciaci\u00f3. - C\u00e1mara de Comercio de Valencia","type":"rich","width":600,"height":338,"html":"<blockquote class=\"wp-embedded-content\" data-secret=\"Q1sZSejidd\"><a href=\"https:\/\/www.camaravalencia.com\/va\/jornadas\/edicio-de-video-per-a-xarxes-socials-iniciacio\/\">Edici\u00f3 de v\u00eddeo per a xarxes socials. Iniciaci\u00f3.<\/a><\/blockquote><iframe sandbox=\"allow-scripts\" security=\"restricted\" src=\"https:\/\/www.camaravalencia.com\/va\/jornadas\/edicio-de-video-per-a-xarxes-socials-iniciacio\/embed\/#?secret=Q1sZSejidd\" width=\"600\" height=\"338\" title=\"&#8220;Edici\u00f3 de v\u00eddeo per a xarxes socials. Iniciaci\u00f3.&#8221; &#8212; C\u00e1mara de Comercio de Valencia\" data-secret=\"Q1sZSejidd\" frameborder=\"0\" marginwidth=\"0\" marginheight=\"0\" scrolling=\"no\" class=\"wp-embedded-content\"><\/iframe><script>\n\/*! This file is auto-generated *\/\n!function(d,l){\"use strict\";l.querySelector&&d.addEventListener&&\"undefined\"!=typeof URL&&(d.wp=d.wp||{},d.wp.receiveEmbedMessage||(d.wp.receiveEmbedMessage=function(e){var t=e.data;if((t||t.secret||t.message||t.value)&&!\/[^a-zA-Z0-9]\/.test(t.secret)){for(var s,r,n,a=l.querySelectorAll('iframe[data-secret=\"'+t.secret+'\"]'),o=l.querySelectorAll('blockquote[data-secret=\"'+t.secret+'\"]'),c=new RegExp(\"^https?:$\",\"i\"),i=0;i<o.length;i++)o[i].style.display=\"none\";for(i=0;i<a.length;i++)s=a[i],e.source===s.contentWindow&&(s.removeAttribute(\"style\"),\"height\"===t.message?(1e3<(r=parseInt(t.value,10))?r=1e3:~~r<200&&(r=200),s.height=r):\"link\"===t.message&&(r=new URL(s.getAttribute(\"src\")),n=new URL(t.value),c.test(n.protocol))&&n.host===r.host&&l.activeElement===s&&(d.top.location.href=t.value))}},d.addEventListener(\"message\",d.wp.receiveEmbedMessage,!1),l.addEventListener(\"DOMContentLoaded\",function(){for(var e,t,s=l.querySelectorAll(\"iframe.wp-embedded-content\"),r=0;r<s.length;r++)(t=(e=s[r]).getAttribute(\"data-secret\"))||(t=Math.random().toString(36).substring(2,12),e.src+=\"#?secret=\"+t,e.setAttribute(\"data-secret\",t)),e.contentWindow.postMessage({message:\"ready\",secret:t},\"*\")},!1)))}(window,document);\n\/\/# sourceURL=https:\/\/www.camaravalencia.com\/wp-includes\/js\/wp-embed.min.js\n<\/script>\n","thumbnail_url":"https:\/\/www.camaravalencia.com\/wp-content\/uploads\/2023\/07\/11.10.23-DESTACADO-WORDPRESS-720x480-2.jpg","thumbnail_width":720,"thumbnail_height":480,"description":"Aquest taller t'ensenyar\u00e0 les bases per a\u00a0crear produccions audiovisuals que connecten amb la teua audi\u00e8ncia. Identificar\u00e0s qu\u00e8 fa \u00fanica a la teua marca, qu\u00e8 caracteritza els v\u00eddeos per a xarxes socials i com editar-los per a aconseguir hist\u00f2ries que enganxen al teu p\u00fablic objectiu.a hist\u00f2ria Inscripcions per a assistir al taller presencial (Ontinyent):\u00a0 Comer\u00e7 In. info@comercioin.com"}