{"version":"1.0","provider_name":"C\u00e1mara de Comercio de Valencia","provider_url":"https:\/\/www.camaravalencia.com\/va\/","title":"NEGOCIO LOCAL SOSTENIBLE - C\u00e1mara de Comercio de Valencia","type":"rich","width":600,"height":338,"html":"<blockquote class=\"wp-embedded-content\" data-secret=\"YcW3ZmLJ6Y\"><a href=\"https:\/\/www.camaravalencia.com\/va\/jornadas\/negocio-local-sostenible\">NEGOCIO LOCAL SOSTENIBLE<\/a><\/blockquote><iframe sandbox=\"allow-scripts\" security=\"restricted\" src=\"https:\/\/www.camaravalencia.com\/va\/jornadas\/negocio-local-sostenible\/embed\/#?secret=YcW3ZmLJ6Y\" width=\"600\" height=\"338\" title=\"&#8220;NEGOCIO LOCAL SOSTENIBLE&#8221; &#8212; C\u00e1mara de Comercio de Valencia\" data-secret=\"YcW3ZmLJ6Y\" frameborder=\"0\" marginwidth=\"0\" marginheight=\"0\" scrolling=\"no\" class=\"wp-embedded-content\"><\/iframe><script>\n\/*! This file is auto-generated *\/\n!function(d,l){\"use strict\";l.querySelector&&d.addEventListener&&\"undefined\"!=typeof URL&&(d.wp=d.wp||{},d.wp.receiveEmbedMessage||(d.wp.receiveEmbedMessage=function(e){var t=e.data;if((t||t.secret||t.message||t.value)&&!\/[^a-zA-Z0-9]\/.test(t.secret)){for(var s,r,n,a=l.querySelectorAll('iframe[data-secret=\"'+t.secret+'\"]'),o=l.querySelectorAll('blockquote[data-secret=\"'+t.secret+'\"]'),c=new RegExp(\"^https?:$\",\"i\"),i=0;i<o.length;i++)o[i].style.display=\"none\";for(i=0;i<a.length;i++)s=a[i],e.source===s.contentWindow&&(s.removeAttribute(\"style\"),\"height\"===t.message?(1e3<(r=parseInt(t.value,10))?r=1e3:~~r<200&&(r=200),s.height=r):\"link\"===t.message&&(r=new URL(s.getAttribute(\"src\")),n=new URL(t.value),c.test(n.protocol))&&n.host===r.host&&l.activeElement===s&&(d.top.location.href=t.value))}},d.addEventListener(\"message\",d.wp.receiveEmbedMessage,!1),l.addEventListener(\"DOMContentLoaded\",function(){for(var e,t,s=l.querySelectorAll(\"iframe.wp-embedded-content\"),r=0;r<s.length;r++)(t=(e=s[r]).getAttribute(\"data-secret\"))||(t=Math.random().toString(36).substring(2,12),e.src+=\"#?secret=\"+t,e.setAttribute(\"data-secret\",t)),e.contentWindow.postMessage({message:\"ready\",secret:t},\"*\")},!1)))}(window,document);\n\/\/# sourceURL=https:\/\/www.camaravalencia.com\/wp-includes\/js\/wp-embed.min.js\n<\/script>\n","thumbnail_url":"https:\/\/www.camaravalencia.com\/wp-content\/uploads\/2024\/01\/11588-DESTACADO-WORDPRESS-720x480-1.jpg","thumbnail_width":720,"thumbnail_height":480,"description":"El taller tiene como objetivo principal reconocer a los propietarios y empleados de m\u00e1s de 1000 locales comerciales en la ciudad de Valencia por su compromiso y gesti\u00f3n de la energ\u00eda aplicadas en sus actividades comerciales diarias logrando un ahorro de energ\u00eda y el impacto ambiental positivo generado. A trav\u00e9s de este programa se lograr\u00e1 la identificaci\u00f3n de oportunidades espec\u00edficas en \u00e1reas como iluminaci\u00f3n, sistemas de calefacci\u00f3n y conservaci\u00f3n, entre otros, promoviendo la implementaci\u00f3n de tecnolog\u00edas y pr\u00e1cticas sostenibles soportados por sistemas de gesti\u00f3n energ\u00e9tica que impactar\u00e1n directamente en la factura energ\u00e9tica reduciendo sus costes. Se resumir\u00e1n las buenas pr\u00e1cticas obtenidas en el a\u00f1o 2022\/2023 para este programa entre los participantes asistentes, y contaremos con la colaboraci\u00f3n de t\u00e9cnicos especialistas que complementar\u00e1n el evento, brindando apoyo t\u00e9cnico y recursos adicionales."}