{"version":"1.0","provider_name":"C\u00e1mara de Comercio de Valencia","provider_url":"https:\/\/www.camaravalencia.com\/va\/","title":"Oportunidades de Negocio en T\u00fanez_ - C\u00e1mara de Comercio de Valencia","type":"rich","width":600,"height":338,"html":"<blockquote class=\"wp-embedded-content\" data-secret=\"qLncfIBQkM\"><a href=\"https:\/\/www.camaravalencia.com\/jornadas\/oportunidades-de-negocio-en-tunez_\">Oportunidades de Negocio en T\u00fanez_<\/a><\/blockquote><iframe sandbox=\"allow-scripts\" security=\"restricted\" src=\"https:\/\/www.camaravalencia.com\/jornadas\/oportunidades-de-negocio-en-tunez_\/embed\/#?secret=qLncfIBQkM\" width=\"600\" height=\"338\" title=\"&#8220;Oportunidades de Negocio en T\u00fanez_&#8221; &#8212; C\u00e1mara de Comercio de Valencia\" data-secret=\"qLncfIBQkM\" frameborder=\"0\" marginwidth=\"0\" marginheight=\"0\" scrolling=\"no\" class=\"wp-embedded-content\"><\/iframe><script>\n\/*! This file is auto-generated *\/\n!function(d,l){\"use strict\";l.querySelector&&d.addEventListener&&\"undefined\"!=typeof URL&&(d.wp=d.wp||{},d.wp.receiveEmbedMessage||(d.wp.receiveEmbedMessage=function(e){var t=e.data;if((t||t.secret||t.message||t.value)&&!\/[^a-zA-Z0-9]\/.test(t.secret)){for(var s,r,n,a=l.querySelectorAll('iframe[data-secret=\"'+t.secret+'\"]'),o=l.querySelectorAll('blockquote[data-secret=\"'+t.secret+'\"]'),c=new RegExp(\"^https?:$\",\"i\"),i=0;i<o.length;i++)o[i].style.display=\"none\";for(i=0;i<a.length;i++)s=a[i],e.source===s.contentWindow&&(s.removeAttribute(\"style\"),\"height\"===t.message?(1e3<(r=parseInt(t.value,10))?r=1e3:~~r<200&&(r=200),s.height=r):\"link\"===t.message&&(r=new URL(s.getAttribute(\"src\")),n=new URL(t.value),c.test(n.protocol))&&n.host===r.host&&l.activeElement===s&&(d.top.location.href=t.value))}},d.addEventListener(\"message\",d.wp.receiveEmbedMessage,!1),l.addEventListener(\"DOMContentLoaded\",function(){for(var e,t,s=l.querySelectorAll(\"iframe.wp-embedded-content\"),r=0;r<s.length;r++)(t=(e=s[r]).getAttribute(\"data-secret\"))||(t=Math.random().toString(36).substring(2,12),e.src+=\"#?secret=\"+t,e.setAttribute(\"data-secret\",t)),e.contentWindow.postMessage({message:\"ready\",secret:t},\"*\")},!1)))}(window,document);\n\/\/# sourceURL=https:\/\/www.camaravalencia.com\/wp-includes\/js\/wp-embed.min.js\n<\/script>\n","thumbnail_url":"https:\/\/www.camaravalencia.com\/wp-content\/uploads\/2024\/03\/10209-tunez-EVENTO-250x200-1.jpg","thumbnail_width":250,"thumbnail_height":200,"description":"T\u00fanez disfruta de una econom\u00eda diversificada y abierta al exterior que ha permitido al pa\u00eds del sur del Mediterr\u00e1neo estar entre los pa\u00edses m\u00e1s competitivos del continente africano. La agricultura es uno de los sectores econ\u00f3micos clave del pa\u00eds con productos clave como el aceite de oliva y los d\u00e1tiles, con los que T\u00fanez lidera las exportaciones, destacando en calidad y reconocimientos internacionales. En el sector de los componentes de automoci\u00f3n, se sit\u00faa entre los tres principales pa\u00edses africanos. Adem\u00e1s, sectores como la construcci\u00f3n, energ\u00edas renovables, turismo y tecnolog\u00edas de la informaci\u00f3n presentan un gran potencial. Las relaciones econ\u00f3micas con Espa\u00f1a est\u00e1n respaldadas por acuerdos bilaterales desde 1991, ofreciendo oportunidades de negocio e inversi\u00f3n para empresas espa\u00f1olas, especialmente las valencianas."}