{"version":"1.0","provider_name":"C\u00e1mara de Comercio de Valencia","provider_url":"https:\/\/www.camaravalencia.com\/va\/","title":"Soluciones de movilidad el\u00e9ctrica en empresa - C\u00e1mara de Comercio de Valencia","type":"rich","width":600,"height":338,"html":"<blockquote class=\"wp-embedded-content\" data-secret=\"DaVszHfhkD\"><a href=\"https:\/\/www.camaravalencia.com\/jornadas\/soluciones-de-movilidad-electrica-en-empresa\">Soluciones de movilidad el\u00e9ctrica en empresa<\/a><\/blockquote><iframe sandbox=\"allow-scripts\" security=\"restricted\" src=\"https:\/\/www.camaravalencia.com\/jornadas\/soluciones-de-movilidad-electrica-en-empresa\/embed\/#?secret=DaVszHfhkD\" width=\"600\" height=\"338\" title=\"&#8220;Soluciones de movilidad el\u00e9ctrica en empresa&#8221; &#8212; C\u00e1mara de Comercio de Valencia\" data-secret=\"DaVszHfhkD\" frameborder=\"0\" marginwidth=\"0\" marginheight=\"0\" scrolling=\"no\" class=\"wp-embedded-content\"><\/iframe><script>\n\/*! This file is auto-generated *\/\n!function(d,l){\"use strict\";l.querySelector&&d.addEventListener&&\"undefined\"!=typeof URL&&(d.wp=d.wp||{},d.wp.receiveEmbedMessage||(d.wp.receiveEmbedMessage=function(e){var t=e.data;if((t||t.secret||t.message||t.value)&&!\/[^a-zA-Z0-9]\/.test(t.secret)){for(var s,r,n,a=l.querySelectorAll('iframe[data-secret=\"'+t.secret+'\"]'),o=l.querySelectorAll('blockquote[data-secret=\"'+t.secret+'\"]'),c=new RegExp(\"^https?:$\",\"i\"),i=0;i<o.length;i++)o[i].style.display=\"none\";for(i=0;i<a.length;i++)s=a[i],e.source===s.contentWindow&&(s.removeAttribute(\"style\"),\"height\"===t.message?(1e3<(r=parseInt(t.value,10))?r=1e3:~~r<200&&(r=200),s.height=r):\"link\"===t.message&&(r=new URL(s.getAttribute(\"src\")),n=new URL(t.value),c.test(n.protocol))&&n.host===r.host&&l.activeElement===s&&(d.top.location.href=t.value))}},d.addEventListener(\"message\",d.wp.receiveEmbedMessage,!1),l.addEventListener(\"DOMContentLoaded\",function(){for(var e,t,s=l.querySelectorAll(\"iframe.wp-embedded-content\"),r=0;r<s.length;r++)(t=(e=s[r]).getAttribute(\"data-secret\"))||(t=Math.random().toString(36).substring(2,12),e.src+=\"#?secret=\"+t,e.setAttribute(\"data-secret\",t)),e.contentWindow.postMessage({message:\"ready\",secret:t},\"*\")},!1)))}(window,document);\n\/\/# sourceURL=https:\/\/www.camaravalencia.com\/wp-includes\/js\/wp-embed.min.js\n<\/script>\n","thumbnail_url":"https:\/\/www.camaravalencia.com\/wp-content\/uploads\/2024\/08\/231024-DESTACADO-WORDPRESS-720x480-1.jpg","thumbnail_width":720,"thumbnail_height":480,"description":"\u00bfEnchufados al futuro? La transformaci\u00f3n del sector del transporte y log\u00edstica hacia una nueva cadena de valor descarbonizada requiere de un alineamiento por parte de las administraciones y las empresas expertas implicadas en los cambios que debe afrontar el tejido empresarial. Este evento de corta duraci\u00f3n con motivo del programa IVACE Sostenibilidad profundiza en ventajas tales como el cumplimiento de regulaciones y requisitos legales, la reducci\u00f3n de la huella de carbono, el ahorro de costes, el salud y bienestar de los empleados, y la mejora de la imagen corporativa, sin\u00f3nimo todo ello de reducci\u00f3n del inter\u00e9s financiero a partir de los siguientes objetivos: Analizar el estado, las previsiones y los retos que en la actualidad plantea la introducci\u00f3n y gesti\u00f3n de la movilidad el\u00e9ctrica, entrando en detalle en el \u00e1rea de la gesti\u00f3n energ\u00e9tica. Convocatorias de ayudas y subvenciones, as\u00ed como las f\u00f3rmulas de colaboraci\u00f3n p\u00fablico \u2013 privada en proyectos, inversiones de electromovilidad. Log\u00edstica de entrega: Tendencias en movilidad el\u00e9ctrica ligera, incluidas las estrategias en \u00faltima milla verde. Implementaci\u00f3n desde cero de infraestructura de recarga el\u00e9ctrica como oportunidad de negocio: estudio, permisos y mantenimiento."}