{"id":14478,"date":"2023-02-13T06:51:05","date_gmt":"2023-02-13T05:51:05","guid":{"rendered":"https:\/\/www.camaravalencia.com\/gabinete-comunicacion\/"},"modified":"2023-05-17T09:49:52","modified_gmt":"2023-05-17T08:49:52","slug":"gabinete-comunicacion","status":"publish","type":"page","link":"https:\/\/www.camaravalencia.com\/va\/gabinete-comunicacion\/","title":{"rendered":"Premsa"},"content":{"rendered":"<style><\/style>\t\t<div data-elementor-type=\"wp-page\" data-elementor-id=\"14478\" class=\"elementor elementor-14478 elementor-8407\" data-elementor-post-type=\"page\">\n\t\t\t\t\t\t<section class=\"elementor-section elementor-top-section elementor-element elementor-element-da0bb9e elementor-section-boxed elementor-section-height-default elementor-section-height-default\" data-id=\"da0bb9e\" data-element_type=\"section\" data-e-type=\"section\">\n\t\t\t\t\t\t<div class=\"elementor-container elementor-column-gap-default\">\n\t\t\t\t\t<div class=\"elementor-column elementor-col-100 elementor-top-column elementor-element elementor-element-7ad8057\" data-id=\"7ad8057\" data-element_type=\"column\" data-e-type=\"column\">\n\t\t\t<div class=\"elementor-widget-wrap elementor-element-populated\">\n\t\t\t\t\t\t<div class=\"elementor-element elementor-element-df1a1d0 elementor-widget elementor-widget-shortcode\" data-id=\"df1a1d0\" data-element_type=\"widget\" data-e-type=\"widget\" data-widget_type=\"shortcode.default\">\n\t\t\t\t<div class=\"elementor-widget-container\">\n\t\t\t\t\t\r\n                    <div class=\"elementor-container elementor-column-gap-default item-prensa\">\r\n                    \t<div class=\"elementor-column elementor-col-16 elementor-top-column elementor-element elementor-element-450af00\" data-id=\"450af00\" data-element_type=\"column\">\r\n                    \t\t<div class=\"elementor-widget-wrap elementor-element-populated\">\r\n                    \t\t\t<div class=\"elementor-element elementor-element-2d8186f elementor-widget elementor-widget-image\" data-id=\"2d8186f\" data-element_type=\"widget\" data-widget_type=\"image.default\">\r\n                    \t\t\t\t\t<div class=\"elementor-widget-container\">\r\n                    \t\t\t\t\t\t<img decoding=\"async\" src=\"https:\/\/www.camaravalencia.com\/wp-content\/uploads\/2026\/04\/KC-Lam-Paul-Leung-Jose-Vicente-Morata-y-Christopher-Lai.jpg\" alt=\"Representants de l\u2019Oficina Econ\u00f2mica i Comercial de Hong Kong a Brussel\u00b7les presenten les claus per a accedir al mercat asi\u00e0tic\">\r\n                    \t\t\t\t\t<\/div>\r\n                    \t\t\t<\/div>\r\n                    \t\t<\/div>\r\n                    \t<\/div>\r\n                    \t<div class=\"elementor-column elementor-col-66 elementor-top-column elementor-element elementor-element-ac0e9c4\" data-id=\"ac0e9c4\" data-element_type=\"column\">\r\n                    \t\t<div class=\"elementor-widget-wrap elementor-element-populated\">\r\n                    \t\t\t<div class=\"elementor-element elementor-element-f43fd49 elementor-widget elementor-widget-heading\" data-id=\"f43fd49\" data-element_type=\"widget\" data-widget_type=\"heading.default\">\r\n                    \t\t\t\t<div class=\"elementor-widget-container\">\r\n                                        <h3>23\/04\/2026\r\n                    \t\t\t\t\t<a href=\"https:\/\/www.camaravalencia.com\/va\/noticias\/representants-de-loficina-economica-i-comercial-de-hong-kong-a-brusselles-presenten-les-claus-per-a-accedir-al-mercat-asiatic\/\">Representants de l\u2019Oficina Econ\u00f2mica i Comercial de Hong Kong a Brussel\u00b7les presenten les claus per a accedir al mercat asi\u00e0tic<\/a><\/h3>\r\n                    \t\t\t\t<\/div>\r\n                    \t\t\t<\/div>                   \t\t\t\r\n                    \t\t\t\t\t    \r\n                    \t\t\t<div class=\"elementor-element elementor-element-5be341e elementor-widget elementor-widget-text-editor\" data-id=\"5be341e\" data-element_type=\"widget\" data-widget_type=\"text-editor.default\">\r\n                    \t\t\t\t<div class=\"elementor-widget-container\">\r\n                    \t\t\t\t\t<p>Cambra Val\u00e8ncia ha celebrat hui la jornada \u201cConquerir \u00c0sia a trav\u00e9s de Hong Kong\u201d, una trobada empresarial centrada en les oportunitats que oferix este mercat com a plataforma d\u2019acc\u00e9s a la Xina i al conjunt del continent asi\u00e0tic. La sessi\u00f3 ha reunit representants institucionals i empreses per a abordar les claus d\u2019implantaci\u00f3, operativa comercial i desenvolupament de negoci.\r\n<\/p>\r\n                    \t\t\t\t<\/div>\r\n                    \t\t\t<\/div>\r\n                    \t\t\t\r\n                    \t\t\t<div class=\"elementor-element elementor-element-8becfc8 elementor-widget elementor-widget-text-editor\" data-id=\"8becfc8\" data-element_type=\"widget\" data-widget_type=\"text-editor.default\">\r\n                    \t\t\t\t<div class=\"elementor-widget-container\">\r\n                    \t\t\t\t\t<p>Categories associades:  <a href=\"\/noticias\/?filtro=institucional-va\">Institucional<\/a> |  <a href=\"\/noticias\/?filtro=internacional-va\">Internacional<\/a> | <\/p>\r\n                    \t\t\t\t<\/div>\r\n                    \t\t\t<\/div>\r\n                    \t\t<\/div>\r\n                    \t<\/div>\r\n                    \t<div class=\"elementor-column elementor-col-16 elementor-top-column elementor-element elementor-element-19274a7\" data-id=\"19274a7\" data-element_type=\"column\">\r\n                    \t\t<div class=\"elementor-widget-wrap elementor-element-populated\">\r\n                    \t\t\t<div class=\"elementor-element elementor-element-0a5330b elementor-widget elementor-widget-text-editor\" data-id=\"0a5330b\" data-element_type=\"widget\" data-widget_type=\"text-editor.default\">\r\n                    \t\t\t\t<div class=\"elementor-widget-container\"><p><strong>Recursos vinculats<\/strong><\/p><p class=\"recurso_vinculado\">documento (1)<\/p><p class=\"recurso_vinculado\">informe (1)<\/p><p class=\"recurso_vinculado\">imagen (2)<\/p>\r\n                    \t\t\t\t<\/div>\r\n                    \t\t\t<\/div>\r\n                    \t\t<\/div>\r\n                    \t<\/div>\r\n                    <\/div>\r\n            <div class=\"elementor-element elementor-element-b6dfb4e elementor-widget-divider--view-line elementor-widget elementor-widget-divider\" data-id=\"b6dfb4e\" data-element_type=\"widget\" data-widget_type=\"divider.default\">\r\n\t\t\t\t        <div class=\"elementor-widget-container\">\r\n                \t\t\t<style>\/*! elementor - v3.10.2 - 29-01-2023 *\/\r\n                            .elementor-widget-divider{--divider-border-style:none;--divider-border-width:1px;--divider-color:#2c2c2c;--divider-icon-size:20px;--divider-element-spacing:10px;--divider-pattern-height:24px;--divider-pattern-size:20px;--divider-pattern-url:none;--divider-pattern-repeat:repeat-x}.elementor-widget-divider .elementor-divider{display:flex}.elementor-widget-divider .elementor-divider__text{font-size:15px;line-height:1;max-width:95%}.elementor-widget-divider .elementor-divider__element{margin:0 var(--divider-element-spacing);flex-shrink:0}.elementor-widget-divider .elementor-icon{font-size:var(--divider-icon-size)}.elementor-widget-divider .elementor-divider-separator{display:flex;margin:0;direction:ltr}.elementor-widget-divider--view-line_icon .elementor-divider-separator,.elementor-widget-divider--view-line_text .elementor-divider-separator{align-items:center}.elementor-widget-divider--view-line_icon .elementor-divider-separator:after,.elementor-widget-divider--view-line_icon .elementor-divider-separator:before,.elementor-widget-divider--view-line_text .elementor-divider-separator:after,.elementor-widget-divider--view-line_text .elementor-divider-separator:before{display:block;content:\"\";border-bottom:0;flex-grow:1;border-top:var(--divider-border-width) var(--divider-border-style) var(--divider-color)}.elementor-widget-divider--element-align-left .elementor-divider .elementor-divider-separator>.elementor-divider__svg:first-of-type{flex-grow:0;flex-shrink:100}.elementor-widget-divider--element-align-left .elementor-divider-separator:before{content:none}.elementor-widget-divider--element-align-left .elementor-divider__element{margin-left:0}.elementor-widget-divider--element-align-right .elementor-divider .elementor-divider-separator>.elementor-divider__svg:last-of-type{flex-grow:0;flex-shrink:100}.elementor-widget-divider--element-align-right .elementor-divider-separator:after{content:none}.elementor-widget-divider--element-align-right .elementor-divider__element{margin-right:0}.elementor-widget-divider:not(.elementor-widget-divider--view-line_text):not(.elementor-widget-divider--view-line_icon) .elementor-divider-separator{border-top:var(--divider-border-width) var(--divider-border-style) var(--divider-color)}.elementor-widget-divider--separator-type-pattern{--divider-border-style:none}.elementor-widget-divider--separator-type-pattern.elementor-widget-divider--view-line .elementor-divider-separator,.elementor-widget-divider--separator-type-pattern:not(.elementor-widget-divider--view-line) .elementor-divider-separator:after,.elementor-widget-divider--separator-type-pattern:not(.elementor-widget-divider--view-line) .elementor-divider-separator:before,.elementor-widget-divider--separator-type-pattern:not([class*=elementor-widget-divider--view]) .elementor-divider-separator{width:100%;min-height:var(--divider-pattern-height);-webkit-mask-size:var(--divider-pattern-size) 100%;mask-size:var(--divider-pattern-size) 100%;-webkit-mask-repeat:var(--divider-pattern-repeat);mask-repeat:var(--divider-pattern-repeat);background-color:var(--divider-color);-webkit-mask-image:var(--divider-pattern-url);mask-image:var(--divider-pattern-url)}.elementor-widget-divider--no-spacing{--divider-pattern-size:auto}.elementor-widget-divider--bg-round{--divider-pattern-repeat:round}.rtl .elementor-widget-divider .elementor-divider__text{direction:rtl}.e-con-inner>.elementor-widget-divider,.e-con>.elementor-widget-divider{width:var(--container-widget-width);--flex-grow:var(--container-widget-flex-grow)}<\/style>\r\n                            <div class=\"elementor-divider\">\r\n                    \t\t\t<span class=\"elementor-divider-separator\"><\/span>\r\n    \t                    <\/div>\r\n\t\t\t\t        <\/div>\r\n\t\t\t        <\/div>\r\n                    <div class=\"elementor-container elementor-column-gap-default item-prensa\">\r\n                    \t<div class=\"elementor-column elementor-col-16 elementor-top-column elementor-element elementor-element-450af00\" data-id=\"450af00\" data-element_type=\"column\">\r\n                    \t\t<div class=\"elementor-widget-wrap elementor-element-populated\">\r\n                    \t\t\t<div class=\"elementor-element elementor-element-2d8186f elementor-widget elementor-widget-image\" data-id=\"2d8186f\" data-element_type=\"widget\" data-widget_type=\"image.default\">\r\n                    \t\t\t\t\t<div class=\"elementor-widget-container\">\r\n                    \t\t\t\t\t\t<img decoding=\"async\" src=\"https:\/\/www.camaravalencia.com\/wp-content\/uploads\/2026\/04\/La-secretaria-de-Estado-de-Comercio-participa-en-una-jornada-sobre-las-oportunidades-de-negocio-en-Argelia-1.jpg\" alt=\"La secret\u00e0ria d\u2019Estat de Comer\u00e7 participa en una jornada sobre les oportunitats de negoci a Alg\u00e8ria\">\r\n                    \t\t\t\t\t<\/div>\r\n                    \t\t\t<\/div>\r\n                    \t\t<\/div>\r\n                    \t<\/div>\r\n                    \t<div class=\"elementor-column elementor-col-66 elementor-top-column elementor-element elementor-element-ac0e9c4\" data-id=\"ac0e9c4\" data-element_type=\"column\">\r\n                    \t\t<div class=\"elementor-widget-wrap elementor-element-populated\">\r\n                    \t\t\t<div class=\"elementor-element elementor-element-f43fd49 elementor-widget elementor-widget-heading\" data-id=\"f43fd49\" data-element_type=\"widget\" data-widget_type=\"heading.default\">\r\n                    \t\t\t\t<div class=\"elementor-widget-container\">\r\n                                        <h3>21\/04\/2026\r\n                    \t\t\t\t\t<a href=\"https:\/\/www.camaravalencia.com\/va\/noticias\/la-secretaria-destat-de-comerc-participa-en-una-jornada-sobre-les-oportunitats-de-negoci-a-algeria\/\">La secret\u00e0ria d\u2019Estat de Comer\u00e7 participa en una jornada sobre les oportunitats de negoci a Alg\u00e8ria<\/a><\/h3>\r\n                    \t\t\t\t<\/div>\r\n                    \t\t\t<\/div>                   \t\t\t\r\n                    \t\t\t\t\t    \r\n                    \t\t\t<div class=\"elementor-element elementor-element-5be341e elementor-widget elementor-widget-text-editor\" data-id=\"5be341e\" data-element_type=\"widget\" data-widget_type=\"text-editor.default\">\r\n                    \t\t\t\t<div class=\"elementor-widget-container\">\r\n                    \t\t\t\t\t<p>En la jornada s\u2019ha analitzat el panorama econ\u00f2mic, comercial i institucional d\u2019Alg\u00e8ria, aix\u00ed com el seu marc normatiu, des d\u2019una perspectiva pr\u00e0ctica per a l\u2019empresa. Durant la sessi\u00f3 s\u2019han repassat la situaci\u00f3 actual del pa\u00eds, l\u2019evoluci\u00f3 recent de les relacions econ\u00f2miques amb Espanya i els principals factors que han de tindre en compte les companyies interessades a operar en este mercat. La trobada ha perm\u00e9s contrastar la perspectiva institucional amb l\u2019experi\u00e8ncia directa d\u2019empreses valencianes ja implantades o amb activitat al pa\u00eds.<\/p>\r\n                    \t\t\t\t<\/div>\r\n                    \t\t\t<\/div>\r\n                    \t\t\t\r\n                    \t\t\t<div class=\"elementor-element elementor-element-8becfc8 elementor-widget elementor-widget-text-editor\" data-id=\"8becfc8\" data-element_type=\"widget\" data-widget_type=\"text-editor.default\">\r\n                    \t\t\t\t<div class=\"elementor-widget-container\">\r\n                    \t\t\t\t\t<p>Categories associades:  <a href=\"\/noticias\/?filtro=institucional-va\">Institucional<\/a> |  <a href=\"\/noticias\/?filtro=internacional-va\">Internacional<\/a> | <\/p>\r\n                    \t\t\t\t<\/div>\r\n                    \t\t\t<\/div>\r\n                    \t\t<\/div>\r\n                    \t<\/div>\r\n                    \t<div class=\"elementor-column elementor-col-16 elementor-top-column elementor-element elementor-element-19274a7\" data-id=\"19274a7\" data-element_type=\"column\">\r\n                    \t\t<div class=\"elementor-widget-wrap elementor-element-populated\">\r\n                    \t\t\t<div class=\"elementor-element elementor-element-0a5330b elementor-widget elementor-widget-text-editor\" data-id=\"0a5330b\" data-element_type=\"widget\" data-widget_type=\"text-editor.default\">\r\n                    \t\t\t\t<div class=\"elementor-widget-container\"><p><strong>Recursos vinculats<\/strong><\/p><p class=\"recurso_vinculado\">documento (1)<\/p><p class=\"recurso_vinculado\">informe (1)<\/p><p class=\"recurso_vinculado\">imagen (2)<\/p>\r\n                    \t\t\t\t<\/div>\r\n                    \t\t\t<\/div>\r\n                    \t\t<\/div>\r\n                    \t<\/div>\r\n                    <\/div>\r\n            <div class=\"elementor-element elementor-element-b6dfb4e elementor-widget-divider--view-line elementor-widget elementor-widget-divider\" data-id=\"b6dfb4e\" data-element_type=\"widget\" data-widget_type=\"divider.default\">\r\n\t\t\t\t        <div class=\"elementor-widget-container\">\r\n                \t\t\t<style>\/*! elementor - v3.10.2 - 29-01-2023 *\/\r\n                            .elementor-widget-divider{--divider-border-style:none;--divider-border-width:1px;--divider-color:#2c2c2c;--divider-icon-size:20px;--divider-element-spacing:10px;--divider-pattern-height:24px;--divider-pattern-size:20px;--divider-pattern-url:none;--divider-pattern-repeat:repeat-x}.elementor-widget-divider .elementor-divider{display:flex}.elementor-widget-divider .elementor-divider__text{font-size:15px;line-height:1;max-width:95%}.elementor-widget-divider .elementor-divider__element{margin:0 var(--divider-element-spacing);flex-shrink:0}.elementor-widget-divider .elementor-icon{font-size:var(--divider-icon-size)}.elementor-widget-divider .elementor-divider-separator{display:flex;margin:0;direction:ltr}.elementor-widget-divider--view-line_icon .elementor-divider-separator,.elementor-widget-divider--view-line_text .elementor-divider-separator{align-items:center}.elementor-widget-divider--view-line_icon .elementor-divider-separator:after,.elementor-widget-divider--view-line_icon .elementor-divider-separator:before,.elementor-widget-divider--view-line_text .elementor-divider-separator:after,.elementor-widget-divider--view-line_text .elementor-divider-separator:before{display:block;content:\"\";border-bottom:0;flex-grow:1;border-top:var(--divider-border-width) var(--divider-border-style) var(--divider-color)}.elementor-widget-divider--element-align-left .elementor-divider .elementor-divider-separator>.elementor-divider__svg:first-of-type{flex-grow:0;flex-shrink:100}.elementor-widget-divider--element-align-left .elementor-divider-separator:before{content:none}.elementor-widget-divider--element-align-left .elementor-divider__element{margin-left:0}.elementor-widget-divider--element-align-right .elementor-divider .elementor-divider-separator>.elementor-divider__svg:last-of-type{flex-grow:0;flex-shrink:100}.elementor-widget-divider--element-align-right .elementor-divider-separator:after{content:none}.elementor-widget-divider--element-align-right .elementor-divider__element{margin-right:0}.elementor-widget-divider:not(.elementor-widget-divider--view-line_text):not(.elementor-widget-divider--view-line_icon) .elementor-divider-separator{border-top:var(--divider-border-width) var(--divider-border-style) var(--divider-color)}.elementor-widget-divider--separator-type-pattern{--divider-border-style:none}.elementor-widget-divider--separator-type-pattern.elementor-widget-divider--view-line .elementor-divider-separator,.elementor-widget-divider--separator-type-pattern:not(.elementor-widget-divider--view-line) .elementor-divider-separator:after,.elementor-widget-divider--separator-type-pattern:not(.elementor-widget-divider--view-line) .elementor-divider-separator:before,.elementor-widget-divider--separator-type-pattern:not([class*=elementor-widget-divider--view]) .elementor-divider-separator{width:100%;min-height:var(--divider-pattern-height);-webkit-mask-size:var(--divider-pattern-size) 100%;mask-size:var(--divider-pattern-size) 100%;-webkit-mask-repeat:var(--divider-pattern-repeat);mask-repeat:var(--divider-pattern-repeat);background-color:var(--divider-color);-webkit-mask-image:var(--divider-pattern-url);mask-image:var(--divider-pattern-url)}.elementor-widget-divider--no-spacing{--divider-pattern-size:auto}.elementor-widget-divider--bg-round{--divider-pattern-repeat:round}.rtl .elementor-widget-divider .elementor-divider__text{direction:rtl}.e-con-inner>.elementor-widget-divider,.e-con>.elementor-widget-divider{width:var(--container-widget-width);--flex-grow:var(--container-widget-flex-grow)}<\/style>\r\n                            <div class=\"elementor-divider\">\r\n                    \t\t\t<span class=\"elementor-divider-separator\"><\/span>\r\n    \t                    <\/div>\r\n\t\t\t\t        <\/div>\r\n\t\t\t        <\/div>\r\n                    <div class=\"elementor-container elementor-column-gap-default item-prensa\">\r\n                    \t<div class=\"elementor-column elementor-col-16 elementor-top-column elementor-element elementor-element-450af00\" data-id=\"450af00\" data-element_type=\"column\">\r\n                    \t\t<div class=\"elementor-widget-wrap elementor-element-populated\">\r\n                    \t\t\t<div class=\"elementor-element elementor-element-2d8186f elementor-widget elementor-widget-image\" data-id=\"2d8186f\" data-element_type=\"widget\" data-widget_type=\"image.default\">\r\n                    \t\t\t\t\t<div class=\"elementor-widget-container\">\r\n                    \t\t\t\t\t\t<img decoding=\"async\" src=\"https:\/\/www.camaravalencia.com\/wp-content\/uploads\/2026\/04\/Miguel-Bermejo-Juan-Ignacio-del-Castillo-Jose-Vicente-Morata-Jaime-Moreno-y-Vicente-Rubio.jpg\" alt=\"L\u2019ambaixador d\u2019Espanya a Kenya participa en una jornada sobre les oportunitats de negoci a l\u2019\u00c0frica Oriental\">\r\n                    \t\t\t\t\t<\/div>\r\n                    \t\t\t<\/div>\r\n                    \t\t<\/div>\r\n                    \t<\/div>\r\n                    \t<div class=\"elementor-column elementor-col-66 elementor-top-column elementor-element elementor-element-ac0e9c4\" data-id=\"ac0e9c4\" data-element_type=\"column\">\r\n                    \t\t<div class=\"elementor-widget-wrap elementor-element-populated\">\r\n                    \t\t\t<div class=\"elementor-element elementor-element-f43fd49 elementor-widget elementor-widget-heading\" data-id=\"f43fd49\" data-element_type=\"widget\" data-widget_type=\"heading.default\">\r\n                    \t\t\t\t<div class=\"elementor-widget-container\">\r\n                                        <h3>14\/04\/2026\r\n                    \t\t\t\t\t<a href=\"https:\/\/www.camaravalencia.com\/va\/noticias\/cambra-valencia-alerta-de-limpacte-economic-duna-interrupcio-del-subministrament-daigua-2-2\/\">L\u2019ambaixador d\u2019Espanya a Kenya participa en una jornada sobre les oportunitats de negoci a l\u2019\u00c0frica Oriental<\/a><\/h3>\r\n                    \t\t\t\t<\/div>\r\n                    \t\t\t<\/div>                   \t\t\t\r\n                    \t\t\t\t\t    \r\n                    \t\t\t<div class=\"elementor-element elementor-element-5be341e elementor-widget elementor-widget-text-editor\" data-id=\"5be341e\" data-element_type=\"widget\" data-widget_type=\"text-editor.default\">\r\n                    \t\t\t\t<div class=\"elementor-widget-container\">\r\n                    \t\t\t\t\t<p>Durant la jornada s\u2019ha analitzat el marc normatiu i comercial del pa\u00eds, <strong>les principals oportunitats de negoci per a cada sector<\/strong> i els reptes de cara a una correcta presa de decisions estrat\u00e8giques en este mercat de l\u2019\u00c0frica Oriental.\r\n<\/p>\r\n                    \t\t\t\t<\/div>\r\n                    \t\t\t<\/div>\r\n                    \t\t\t\r\n                    \t\t\t<div class=\"elementor-element elementor-element-8becfc8 elementor-widget elementor-widget-text-editor\" data-id=\"8becfc8\" data-element_type=\"widget\" data-widget_type=\"text-editor.default\">\r\n                    \t\t\t\t<div class=\"elementor-widget-container\">\r\n                    \t\t\t\t\t<p>Categories associades:  <a href=\"\/noticias\/?filtro=informes-economicos-va\">Informes econ\u00f3micos<\/a> |  <a href=\"\/noticias\/?filtro=institucional-va\">Institucional<\/a> |  <a href=\"\/noticias\/?filtro=internacional-va\">Internacional<\/a> | <\/p>\r\n                    \t\t\t\t<\/div>\r\n                    \t\t\t<\/div>\r\n                    \t\t<\/div>\r\n                    \t<\/div>\r\n                    \t<div class=\"elementor-column elementor-col-16 elementor-top-column elementor-element elementor-element-19274a7\" data-id=\"19274a7\" data-element_type=\"column\">\r\n                    \t\t<div class=\"elementor-widget-wrap elementor-element-populated\">\r\n                    \t\t\t<div class=\"elementor-element elementor-element-0a5330b elementor-widget elementor-widget-text-editor\" data-id=\"0a5330b\" data-element_type=\"widget\" data-widget_type=\"text-editor.default\">\r\n                    \t\t\t\t<div class=\"elementor-widget-container\"><p><strong>Recursos vinculats<\/strong><\/p><p class=\"recurso_vinculado\">documento (2)<\/p><p class=\"recurso_vinculado\">imagen (1)<\/p>\r\n                    \t\t\t\t<\/div>\r\n                    \t\t\t<\/div>\r\n                    \t\t<\/div>\r\n                    \t<\/div>\r\n                    <\/div>\r\n            <div class=\"elementor-element elementor-element-b6dfb4e elementor-widget-divider--view-line elementor-widget elementor-widget-divider\" data-id=\"b6dfb4e\" data-element_type=\"widget\" data-widget_type=\"divider.default\">\r\n\t\t\t\t        <div class=\"elementor-widget-container\">\r\n                \t\t\t<style>\/*! elementor - v3.10.2 - 29-01-2023 *\/\r\n                            .elementor-widget-divider{--divider-border-style:none;--divider-border-width:1px;--divider-color:#2c2c2c;--divider-icon-size:20px;--divider-element-spacing:10px;--divider-pattern-height:24px;--divider-pattern-size:20px;--divider-pattern-url:none;--divider-pattern-repeat:repeat-x}.elementor-widget-divider .elementor-divider{display:flex}.elementor-widget-divider .elementor-divider__text{font-size:15px;line-height:1;max-width:95%}.elementor-widget-divider .elementor-divider__element{margin:0 var(--divider-element-spacing);flex-shrink:0}.elementor-widget-divider .elementor-icon{font-size:var(--divider-icon-size)}.elementor-widget-divider .elementor-divider-separator{display:flex;margin:0;direction:ltr}.elementor-widget-divider--view-line_icon .elementor-divider-separator,.elementor-widget-divider--view-line_text .elementor-divider-separator{align-items:center}.elementor-widget-divider--view-line_icon .elementor-divider-separator:after,.elementor-widget-divider--view-line_icon .elementor-divider-separator:before,.elementor-widget-divider--view-line_text .elementor-divider-separator:after,.elementor-widget-divider--view-line_text .elementor-divider-separator:before{display:block;content:\"\";border-bottom:0;flex-grow:1;border-top:var(--divider-border-width) var(--divider-border-style) var(--divider-color)}.elementor-widget-divider--element-align-left .elementor-divider .elementor-divider-separator>.elementor-divider__svg:first-of-type{flex-grow:0;flex-shrink:100}.elementor-widget-divider--element-align-left .elementor-divider-separator:before{content:none}.elementor-widget-divider--element-align-left .elementor-divider__element{margin-left:0}.elementor-widget-divider--element-align-right .elementor-divider .elementor-divider-separator>.elementor-divider__svg:last-of-type{flex-grow:0;flex-shrink:100}.elementor-widget-divider--element-align-right .elementor-divider-separator:after{content:none}.elementor-widget-divider--element-align-right .elementor-divider__element{margin-right:0}.elementor-widget-divider:not(.elementor-widget-divider--view-line_text):not(.elementor-widget-divider--view-line_icon) .elementor-divider-separator{border-top:var(--divider-border-width) var(--divider-border-style) var(--divider-color)}.elementor-widget-divider--separator-type-pattern{--divider-border-style:none}.elementor-widget-divider--separator-type-pattern.elementor-widget-divider--view-line .elementor-divider-separator,.elementor-widget-divider--separator-type-pattern:not(.elementor-widget-divider--view-line) .elementor-divider-separator:after,.elementor-widget-divider--separator-type-pattern:not(.elementor-widget-divider--view-line) .elementor-divider-separator:before,.elementor-widget-divider--separator-type-pattern:not([class*=elementor-widget-divider--view]) .elementor-divider-separator{width:100%;min-height:var(--divider-pattern-height);-webkit-mask-size:var(--divider-pattern-size) 100%;mask-size:var(--divider-pattern-size) 100%;-webkit-mask-repeat:var(--divider-pattern-repeat);mask-repeat:var(--divider-pattern-repeat);background-color:var(--divider-color);-webkit-mask-image:var(--divider-pattern-url);mask-image:var(--divider-pattern-url)}.elementor-widget-divider--no-spacing{--divider-pattern-size:auto}.elementor-widget-divider--bg-round{--divider-pattern-repeat:round}.rtl .elementor-widget-divider .elementor-divider__text{direction:rtl}.e-con-inner>.elementor-widget-divider,.e-con>.elementor-widget-divider{width:var(--container-widget-width);--flex-grow:var(--container-widget-flex-grow)}<\/style>\r\n                            <div class=\"elementor-divider\">\r\n                    \t\t\t<span class=\"elementor-divider-separator\"><\/span>\r\n    \t                    <\/div>\r\n\t\t\t\t        <\/div>\r\n\t\t\t        <\/div>\r\n                    <div class=\"elementor-container elementor-column-gap-default item-prensa\">\r\n                    \t<div class=\"elementor-column elementor-col-16 elementor-top-column elementor-element elementor-element-450af00\" data-id=\"450af00\" data-element_type=\"column\">\r\n                    \t\t<div class=\"elementor-widget-wrap elementor-element-populated\">\r\n                    \t\t\t<div class=\"elementor-element elementor-element-2d8186f elementor-widget elementor-widget-image\" data-id=\"2d8186f\" data-element_type=\"widget\" data-widget_type=\"image.default\">\r\n                    \t\t\t\t\t<div class=\"elementor-widget-container\">\r\n                    \t\t\t\t\t\t<img decoding=\"async\" src=\"https:\/\/www.camaravalencia.com\/wp-content\/uploads\/2026\/04\/3U6A6236-scaled.jpg\" alt=\"Cambra Val\u00e8ncia alerta de l&#8217;impacte econ\u00f2mic d&#8217;una interrupci\u00f3 del subministrament d&#8217;aigua\">\r\n                    \t\t\t\t\t<\/div>\r\n                    \t\t\t<\/div>\r\n                    \t\t<\/div>\r\n                    \t<\/div>\r\n                    \t<div class=\"elementor-column elementor-col-66 elementor-top-column elementor-element elementor-element-ac0e9c4\" data-id=\"ac0e9c4\" data-element_type=\"column\">\r\n                    \t\t<div class=\"elementor-widget-wrap elementor-element-populated\">\r\n                    \t\t\t<div class=\"elementor-element elementor-element-f43fd49 elementor-widget elementor-widget-heading\" data-id=\"f43fd49\" data-element_type=\"widget\" data-widget_type=\"heading.default\">\r\n                    \t\t\t\t<div class=\"elementor-widget-container\">\r\n                                        <h3>10\/04\/2026\r\n                    \t\t\t\t\t<a href=\"https:\/\/www.camaravalencia.com\/va\/noticias\/cambra-valencia-alerta-de-limpacte-economic-duna-interrupcio-del-subministrament-daigua-2\/\">Cambra Val\u00e8ncia alerta de l&#8217;impacte econ\u00f2mic d&#8217;una interrupci\u00f3 del subministrament d&#8217;aigua<\/a><\/h3>\r\n                    \t\t\t\t<\/div>\r\n                    \t\t\t<\/div>                   \t\t\t\r\n                    \t\t\t\t\t    \r\n                    \t\t\t<div class=\"elementor-element elementor-element-5be341e elementor-widget elementor-widget-text-editor\" data-id=\"5be341e\" data-element_type=\"widget\" data-widget_type=\"text-editor.default\">\r\n                    \t\t\t\t<div class=\"elementor-widget-container\">\r\n                    \t\t\t\t\t<p>Cambra Val\u00e8ncia ha presentat un informe que analitza les conseq\u00fc\u00e8ncies econ\u00f2miques d'una eventual interrupci\u00f3 del subministrament d'aigua a la ciutat de Val\u00e8ncia i la seua \u00e0rea metropolitana. L'estudi conclou que una crisi h\u00eddrica de tot just tres dies podria suposar unes p\u00e8rdues de fins a 106 milions d'euros en termes de Valor Afegit Brut, nom\u00e9s a la ciutat de Val\u00e8ncia, afectant especialment el comer\u00e7, l'hostaleria i els servicis sanitaris.<\/p>\r\n                    \t\t\t\t<\/div>\r\n                    \t\t\t<\/div>\r\n                    \t\t\t\r\n                    \t\t\t<div class=\"elementor-element elementor-element-8becfc8 elementor-widget elementor-widget-text-editor\" data-id=\"8becfc8\" data-element_type=\"widget\" data-widget_type=\"text-editor.default\">\r\n                    \t\t\t\t<div class=\"elementor-widget-container\">\r\n                    \t\t\t\t\t<p>Categories associades:  <a href=\"\/noticias\/?filtro=informes-economicos-va\">Informes econ\u00f3micos<\/a> |  <a href=\"\/noticias\/?filtro=institucional-va\">Institucional<\/a> | <\/p>\r\n                    \t\t\t\t<\/div>\r\n                    \t\t\t<\/div>\r\n                    \t\t<\/div>\r\n                    \t<\/div>\r\n                    \t<div class=\"elementor-column elementor-col-16 elementor-top-column elementor-element elementor-element-19274a7\" data-id=\"19274a7\" data-element_type=\"column\">\r\n                    \t\t<div class=\"elementor-widget-wrap elementor-element-populated\">\r\n                    \t\t\t<div class=\"elementor-element elementor-element-0a5330b elementor-widget elementor-widget-text-editor\" data-id=\"0a5330b\" data-element_type=\"widget\" data-widget_type=\"text-editor.default\">\r\n                    \t\t\t\t<div class=\"elementor-widget-container\"><p><strong>Recursos vinculats<\/strong><\/p><p class=\"recurso_vinculado\">documento (1)<\/p>\r\n                    \t\t\t\t<\/div>\r\n                    \t\t\t<\/div>\r\n                    \t\t<\/div>\r\n                    \t<\/div>\r\n                    <\/div>\r\n            <div class=\"elementor-element elementor-element-b6dfb4e elementor-widget-divider--view-line elementor-widget elementor-widget-divider\" data-id=\"b6dfb4e\" data-element_type=\"widget\" data-widget_type=\"divider.default\">\r\n\t\t\t\t        <div class=\"elementor-widget-container\">\r\n                \t\t\t<style>\/*! elementor - v3.10.2 - 29-01-2023 *\/\r\n                            .elementor-widget-divider{--divider-border-style:none;--divider-border-width:1px;--divider-color:#2c2c2c;--divider-icon-size:20px;--divider-element-spacing:10px;--divider-pattern-height:24px;--divider-pattern-size:20px;--divider-pattern-url:none;--divider-pattern-repeat:repeat-x}.elementor-widget-divider .elementor-divider{display:flex}.elementor-widget-divider .elementor-divider__text{font-size:15px;line-height:1;max-width:95%}.elementor-widget-divider .elementor-divider__element{margin:0 var(--divider-element-spacing);flex-shrink:0}.elementor-widget-divider .elementor-icon{font-size:var(--divider-icon-size)}.elementor-widget-divider .elementor-divider-separator{display:flex;margin:0;direction:ltr}.elementor-widget-divider--view-line_icon .elementor-divider-separator,.elementor-widget-divider--view-line_text .elementor-divider-separator{align-items:center}.elementor-widget-divider--view-line_icon .elementor-divider-separator:after,.elementor-widget-divider--view-line_icon .elementor-divider-separator:before,.elementor-widget-divider--view-line_text .elementor-divider-separator:after,.elementor-widget-divider--view-line_text .elementor-divider-separator:before{display:block;content:\"\";border-bottom:0;flex-grow:1;border-top:var(--divider-border-width) var(--divider-border-style) var(--divider-color)}.elementor-widget-divider--element-align-left .elementor-divider .elementor-divider-separator>.elementor-divider__svg:first-of-type{flex-grow:0;flex-shrink:100}.elementor-widget-divider--element-align-left .elementor-divider-separator:before{content:none}.elementor-widget-divider--element-align-left .elementor-divider__element{margin-left:0}.elementor-widget-divider--element-align-right .elementor-divider .elementor-divider-separator>.elementor-divider__svg:last-of-type{flex-grow:0;flex-shrink:100}.elementor-widget-divider--element-align-right .elementor-divider-separator:after{content:none}.elementor-widget-divider--element-align-right .elementor-divider__element{margin-right:0}.elementor-widget-divider:not(.elementor-widget-divider--view-line_text):not(.elementor-widget-divider--view-line_icon) .elementor-divider-separator{border-top:var(--divider-border-width) var(--divider-border-style) var(--divider-color)}.elementor-widget-divider--separator-type-pattern{--divider-border-style:none}.elementor-widget-divider--separator-type-pattern.elementor-widget-divider--view-line .elementor-divider-separator,.elementor-widget-divider--separator-type-pattern:not(.elementor-widget-divider--view-line) .elementor-divider-separator:after,.elementor-widget-divider--separator-type-pattern:not(.elementor-widget-divider--view-line) .elementor-divider-separator:before,.elementor-widget-divider--separator-type-pattern:not([class*=elementor-widget-divider--view]) .elementor-divider-separator{width:100%;min-height:var(--divider-pattern-height);-webkit-mask-size:var(--divider-pattern-size) 100%;mask-size:var(--divider-pattern-size) 100%;-webkit-mask-repeat:var(--divider-pattern-repeat);mask-repeat:var(--divider-pattern-repeat);background-color:var(--divider-color);-webkit-mask-image:var(--divider-pattern-url);mask-image:var(--divider-pattern-url)}.elementor-widget-divider--no-spacing{--divider-pattern-size:auto}.elementor-widget-divider--bg-round{--divider-pattern-repeat:round}.rtl .elementor-widget-divider .elementor-divider__text{direction:rtl}.e-con-inner>.elementor-widget-divider,.e-con>.elementor-widget-divider{width:var(--container-widget-width);--flex-grow:var(--container-widget-flex-grow)}<\/style>\r\n                            <div class=\"elementor-divider\">\r\n                    \t\t\t<span class=\"elementor-divider-separator\"><\/span>\r\n    \t                    <\/div>\r\n\t\t\t\t        <\/div>\r\n\t\t\t        <\/div>\r\n                    <div class=\"elementor-container elementor-column-gap-default item-prensa\">\r\n                    \t<div class=\"elementor-column elementor-col-16 elementor-top-column elementor-element elementor-element-450af00\" data-id=\"450af00\" data-element_type=\"column\">\r\n                    \t\t<div class=\"elementor-widget-wrap elementor-element-populated\">\r\n                    \t\t\t<div class=\"elementor-element elementor-element-2d8186f elementor-widget elementor-widget-image\" data-id=\"2d8186f\" data-element_type=\"widget\" data-widget_type=\"image.default\">\r\n                    \t\t\t\t\t<div class=\"elementor-widget-container\">\r\n                    \t\t\t\t\t\t<img decoding=\"async\" src=\"https:\/\/www.camaravalencia.com\/wp-content\/uploads\/2026\/03\/foto-2_Daniel-Calleja_familia_Andersen_Camara-Valecia-scaled.jpg\" alt=\"Daniel Calleja analitza a C\u00e1mara Valencia els reptes de la competitivitat europea\">\r\n                    \t\t\t\t\t<\/div>\r\n                    \t\t\t<\/div>\r\n                    \t\t<\/div>\r\n                    \t<\/div>\r\n                    \t<div class=\"elementor-column elementor-col-66 elementor-top-column elementor-element elementor-element-ac0e9c4\" data-id=\"ac0e9c4\" data-element_type=\"column\">\r\n                    \t\t<div class=\"elementor-widget-wrap elementor-element-populated\">\r\n                    \t\t\t<div class=\"elementor-element elementor-element-f43fd49 elementor-widget elementor-widget-heading\" data-id=\"f43fd49\" data-element_type=\"widget\" data-widget_type=\"heading.default\">\r\n                    \t\t\t\t<div class=\"elementor-widget-container\">\r\n                                        <h3>20\/03\/2026\r\n                    \t\t\t\t\t<a href=\"https:\/\/www.camaravalencia.com\/va\/noticias\/servicis-socials-i-les-cambres-de-la-comunitat-impulsaran-locupacio-de-persones-amb-discapacitat-2\/\">Daniel Calleja analitza a C\u00e1mara Valencia els reptes de la competitivitat europea<\/a><\/h3>\r\n                    \t\t\t\t<\/div>\r\n                    \t\t\t<\/div>                   \t\t\t\r\n                    \t\t\t\t\t    \r\n                    \t\t\t<div class=\"elementor-element elementor-element-5be341e elementor-widget elementor-widget-text-editor\" data-id=\"5be341e\" data-element_type=\"widget\" data-widget_type=\"text-editor.default\">\r\n                    \t\t\t\t<div class=\"elementor-widget-container\">\r\n                    \t\t\t\t\t<p>C\u00e1mara Valencia ha acollit hui una jornada en la qual Daniel Calleja, director de la Representaci\u00f3 de la Comissi\u00f3 Europea a Espanya, ha analitzat els principals desafiaments econ\u00f2mics i regulatoris als quals s\u2019enfronta la Uni\u00f3 Europea.<\/p>\r\n                    \t\t\t\t<\/div>\r\n                    \t\t\t<\/div>\r\n                    \t\t\t\r\n                    \t\t\t<div class=\"elementor-element elementor-element-8becfc8 elementor-widget elementor-widget-text-editor\" data-id=\"8becfc8\" data-element_type=\"widget\" data-widget_type=\"text-editor.default\">\r\n                    \t\t\t\t<div class=\"elementor-widget-container\">\r\n                    \t\t\t\t\t<p>Categories associades:  <a href=\"\/noticias\/?filtro=institucional-va\">Institucional<\/a> | <\/p>\r\n                    \t\t\t\t<\/div>\r\n                    \t\t\t<\/div>\r\n                    \t\t<\/div>\r\n                    \t<\/div>\r\n                    \t<div class=\"elementor-column elementor-col-16 elementor-top-column elementor-element elementor-element-19274a7\" data-id=\"19274a7\" data-element_type=\"column\">\r\n                    \t\t<div class=\"elementor-widget-wrap elementor-element-populated\">\r\n                    \t\t\t<div class=\"elementor-element elementor-element-0a5330b elementor-widget elementor-widget-text-editor\" data-id=\"0a5330b\" data-element_type=\"widget\" data-widget_type=\"text-editor.default\">\r\n                    \t\t\t\t<div class=\"elementor-widget-container\"><p><strong>Recursos vinculats<\/strong><\/p><p class=\"recurso_vinculado\">imagen (2)<\/p><p class=\"recurso_vinculado\">documento (1)<\/p>\r\n                    \t\t\t\t<\/div>\r\n                    \t\t\t<\/div>\r\n                    \t\t<\/div>\r\n                    \t<\/div>\r\n                    <\/div>\r\n            <div class=\"elementor-element elementor-element-b6dfb4e elementor-widget-divider--view-line elementor-widget elementor-widget-divider\" data-id=\"b6dfb4e\" data-element_type=\"widget\" data-widget_type=\"divider.default\">\r\n\t\t\t\t        <div class=\"elementor-widget-container\">\r\n                \t\t\t<style>\/*! elementor - v3.10.2 - 29-01-2023 *\/\r\n                            .elementor-widget-divider{--divider-border-style:none;--divider-border-width:1px;--divider-color:#2c2c2c;--divider-icon-size:20px;--divider-element-spacing:10px;--divider-pattern-height:24px;--divider-pattern-size:20px;--divider-pattern-url:none;--divider-pattern-repeat:repeat-x}.elementor-widget-divider .elementor-divider{display:flex}.elementor-widget-divider .elementor-divider__text{font-size:15px;line-height:1;max-width:95%}.elementor-widget-divider .elementor-divider__element{margin:0 var(--divider-element-spacing);flex-shrink:0}.elementor-widget-divider .elementor-icon{font-size:var(--divider-icon-size)}.elementor-widget-divider .elementor-divider-separator{display:flex;margin:0;direction:ltr}.elementor-widget-divider--view-line_icon .elementor-divider-separator,.elementor-widget-divider--view-line_text .elementor-divider-separator{align-items:center}.elementor-widget-divider--view-line_icon .elementor-divider-separator:after,.elementor-widget-divider--view-line_icon .elementor-divider-separator:before,.elementor-widget-divider--view-line_text .elementor-divider-separator:after,.elementor-widget-divider--view-line_text .elementor-divider-separator:before{display:block;content:\"\";border-bottom:0;flex-grow:1;border-top:var(--divider-border-width) var(--divider-border-style) var(--divider-color)}.elementor-widget-divider--element-align-left .elementor-divider .elementor-divider-separator>.elementor-divider__svg:first-of-type{flex-grow:0;flex-shrink:100}.elementor-widget-divider--element-align-left .elementor-divider-separator:before{content:none}.elementor-widget-divider--element-align-left .elementor-divider__element{margin-left:0}.elementor-widget-divider--element-align-right .elementor-divider .elementor-divider-separator>.elementor-divider__svg:last-of-type{flex-grow:0;flex-shrink:100}.elementor-widget-divider--element-align-right .elementor-divider-separator:after{content:none}.elementor-widget-divider--element-align-right .elementor-divider__element{margin-right:0}.elementor-widget-divider:not(.elementor-widget-divider--view-line_text):not(.elementor-widget-divider--view-line_icon) .elementor-divider-separator{border-top:var(--divider-border-width) var(--divider-border-style) var(--divider-color)}.elementor-widget-divider--separator-type-pattern{--divider-border-style:none}.elementor-widget-divider--separator-type-pattern.elementor-widget-divider--view-line .elementor-divider-separator,.elementor-widget-divider--separator-type-pattern:not(.elementor-widget-divider--view-line) .elementor-divider-separator:after,.elementor-widget-divider--separator-type-pattern:not(.elementor-widget-divider--view-line) .elementor-divider-separator:before,.elementor-widget-divider--separator-type-pattern:not([class*=elementor-widget-divider--view]) .elementor-divider-separator{width:100%;min-height:var(--divider-pattern-height);-webkit-mask-size:var(--divider-pattern-size) 100%;mask-size:var(--divider-pattern-size) 100%;-webkit-mask-repeat:var(--divider-pattern-repeat);mask-repeat:var(--divider-pattern-repeat);background-color:var(--divider-color);-webkit-mask-image:var(--divider-pattern-url);mask-image:var(--divider-pattern-url)}.elementor-widget-divider--no-spacing{--divider-pattern-size:auto}.elementor-widget-divider--bg-round{--divider-pattern-repeat:round}.rtl .elementor-widget-divider .elementor-divider__text{direction:rtl}.e-con-inner>.elementor-widget-divider,.e-con>.elementor-widget-divider{width:var(--container-widget-width);--flex-grow:var(--container-widget-flex-grow)}<\/style>\r\n                            <div class=\"elementor-divider\">\r\n                    \t\t\t<span class=\"elementor-divider-separator\"><\/span>\r\n    \t                    <\/div>\r\n\t\t\t\t        <\/div>\r\n\t\t\t        <\/div>\r\n                    <div class=\"elementor-container elementor-column-gap-default item-prensa\">\r\n                    \t<div class=\"elementor-column elementor-col-16 elementor-top-column elementor-element elementor-element-450af00\" data-id=\"450af00\" data-element_type=\"column\">\r\n                    \t\t<div class=\"elementor-widget-wrap elementor-element-populated\">\r\n                    \t\t\t<div class=\"elementor-element elementor-element-2d8186f elementor-widget elementor-widget-image\" data-id=\"2d8186f\" data-element_type=\"widget\" data-widget_type=\"image.default\">\r\n                    \t\t\t\t\t<div class=\"elementor-widget-container\">\r\n                    \t\t\t\t\t\t<img decoding=\"async\" src=\"https:\/\/www.camaravalencia.com\/wp-content\/uploads\/2026\/01\/Elena-Albalat-y-Jose-Vicente-Morata-scaled.jpg\" alt=\"Servicis Socials i les Cambres de la Comunitat impulsaran l&#8217;ocupaci\u00f3 de persones amb discapacitat\">\r\n                    \t\t\t\t\t<\/div>\r\n                    \t\t\t<\/div>\r\n                    \t\t<\/div>\r\n                    \t<\/div>\r\n                    \t<div class=\"elementor-column elementor-col-66 elementor-top-column elementor-element elementor-element-ac0e9c4\" data-id=\"ac0e9c4\" data-element_type=\"column\">\r\n                    \t\t<div class=\"elementor-widget-wrap elementor-element-populated\">\r\n                    \t\t\t<div class=\"elementor-element elementor-element-f43fd49 elementor-widget elementor-widget-heading\" data-id=\"f43fd49\" data-element_type=\"widget\" data-widget_type=\"heading.default\">\r\n                    \t\t\t\t<div class=\"elementor-widget-container\">\r\n                                        <h3>12\/01\/2026\r\n                    \t\t\t\t\t<a href=\"https:\/\/www.camaravalencia.com\/va\/noticias\/servicis-socials-i-les-cambres-de-la-comunitat-impulsaran-locupacio-de-persones-amb-discapacitat\/\">Servicis Socials i les Cambres de la Comunitat impulsaran l&#8217;ocupaci\u00f3 de persones amb discapacitat<\/a><\/h3>\r\n                    \t\t\t\t<\/div>\r\n                    \t\t\t<\/div>                   \t\t\t\r\n                    \t\t\t\t\t    \r\n                    \t\t\t<div class=\"elementor-element elementor-element-5be341e elementor-widget elementor-widget-text-editor\" data-id=\"5be341e\" data-element_type=\"widget\" data-widget_type=\"text-editor.default\">\r\n                    \t\t\t\t<div class=\"elementor-widget-container\">\r\n                    \t\t\t\t\t<p>La iniciativa t\u00e9 una vig\u00e8ncia inicial d'un any i contempla accions formatives, jornades i espais de treball entre empreses i IVASS.\r\n<\/p>\r\n                    \t\t\t\t<\/div>\r\n                    \t\t\t<\/div>\r\n                    \t\t\t\r\n                    \t\t\t<div class=\"elementor-element elementor-element-8becfc8 elementor-widget elementor-widget-text-editor\" data-id=\"8becfc8\" data-element_type=\"widget\" data-widget_type=\"text-editor.default\">\r\n                    \t\t\t\t<div class=\"elementor-widget-container\">\r\n                    \t\t\t\t\t<p>Categories associades:  <a href=\"\/noticias\/?filtro=institucional-va\">Institucional<\/a> | <\/p>\r\n                    \t\t\t\t<\/div>\r\n                    \t\t\t<\/div>\r\n                    \t\t<\/div>\r\n                    \t<\/div>\r\n                    \t<div class=\"elementor-column elementor-col-16 elementor-top-column elementor-element elementor-element-19274a7\" data-id=\"19274a7\" data-element_type=\"column\">\r\n                    \t\t<div class=\"elementor-widget-wrap elementor-element-populated\">\r\n                    \t\t\t<div class=\"elementor-element elementor-element-0a5330b elementor-widget elementor-widget-text-editor\" data-id=\"0a5330b\" data-element_type=\"widget\" data-widget_type=\"text-editor.default\">\r\n                    \t\t\t\t<div class=\"elementor-widget-container\"><p><strong>Recursos vinculats<\/strong><\/p><p class=\"recurso_vinculado\">imagen (1)<\/p><p class=\"recurso_vinculado\">documento (1)<\/p>\r\n                    \t\t\t\t<\/div>\r\n                    \t\t\t<\/div>\r\n                    \t\t<\/div>\r\n                    \t<\/div>\r\n                    <\/div>\r\n            <div class=\"elementor-element elementor-element-b6dfb4e elementor-widget-divider--view-line elementor-widget elementor-widget-divider\" data-id=\"b6dfb4e\" data-element_type=\"widget\" data-widget_type=\"divider.default\">\r\n\t\t\t\t        <div class=\"elementor-widget-container\">\r\n                \t\t\t<style>\/*! elementor - v3.10.2 - 29-01-2023 *\/\r\n                            .elementor-widget-divider{--divider-border-style:none;--divider-border-width:1px;--divider-color:#2c2c2c;--divider-icon-size:20px;--divider-element-spacing:10px;--divider-pattern-height:24px;--divider-pattern-size:20px;--divider-pattern-url:none;--divider-pattern-repeat:repeat-x}.elementor-widget-divider .elementor-divider{display:flex}.elementor-widget-divider .elementor-divider__text{font-size:15px;line-height:1;max-width:95%}.elementor-widget-divider .elementor-divider__element{margin:0 var(--divider-element-spacing);flex-shrink:0}.elementor-widget-divider .elementor-icon{font-size:var(--divider-icon-size)}.elementor-widget-divider .elementor-divider-separator{display:flex;margin:0;direction:ltr}.elementor-widget-divider--view-line_icon .elementor-divider-separator,.elementor-widget-divider--view-line_text .elementor-divider-separator{align-items:center}.elementor-widget-divider--view-line_icon .elementor-divider-separator:after,.elementor-widget-divider--view-line_icon .elementor-divider-separator:before,.elementor-widget-divider--view-line_text .elementor-divider-separator:after,.elementor-widget-divider--view-line_text .elementor-divider-separator:before{display:block;content:\"\";border-bottom:0;flex-grow:1;border-top:var(--divider-border-width) var(--divider-border-style) var(--divider-color)}.elementor-widget-divider--element-align-left .elementor-divider .elementor-divider-separator>.elementor-divider__svg:first-of-type{flex-grow:0;flex-shrink:100}.elementor-widget-divider--element-align-left .elementor-divider-separator:before{content:none}.elementor-widget-divider--element-align-left .elementor-divider__element{margin-left:0}.elementor-widget-divider--element-align-right .elementor-divider .elementor-divider-separator>.elementor-divider__svg:last-of-type{flex-grow:0;flex-shrink:100}.elementor-widget-divider--element-align-right .elementor-divider-separator:after{content:none}.elementor-widget-divider--element-align-right .elementor-divider__element{margin-right:0}.elementor-widget-divider:not(.elementor-widget-divider--view-line_text):not(.elementor-widget-divider--view-line_icon) .elementor-divider-separator{border-top:var(--divider-border-width) var(--divider-border-style) var(--divider-color)}.elementor-widget-divider--separator-type-pattern{--divider-border-style:none}.elementor-widget-divider--separator-type-pattern.elementor-widget-divider--view-line .elementor-divider-separator,.elementor-widget-divider--separator-type-pattern:not(.elementor-widget-divider--view-line) .elementor-divider-separator:after,.elementor-widget-divider--separator-type-pattern:not(.elementor-widget-divider--view-line) .elementor-divider-separator:before,.elementor-widget-divider--separator-type-pattern:not([class*=elementor-widget-divider--view]) .elementor-divider-separator{width:100%;min-height:var(--divider-pattern-height);-webkit-mask-size:var(--divider-pattern-size) 100%;mask-size:var(--divider-pattern-size) 100%;-webkit-mask-repeat:var(--divider-pattern-repeat);mask-repeat:var(--divider-pattern-repeat);background-color:var(--divider-color);-webkit-mask-image:var(--divider-pattern-url);mask-image:var(--divider-pattern-url)}.elementor-widget-divider--no-spacing{--divider-pattern-size:auto}.elementor-widget-divider--bg-round{--divider-pattern-repeat:round}.rtl .elementor-widget-divider .elementor-divider__text{direction:rtl}.e-con-inner>.elementor-widget-divider,.e-con>.elementor-widget-divider{width:var(--container-widget-width);--flex-grow:var(--container-widget-flex-grow)}<\/style>\r\n                            <div class=\"elementor-divider\">\r\n                    \t\t\t<span class=\"elementor-divider-separator\"><\/span>\r\n    \t                    <\/div>\r\n\t\t\t\t        <\/div>\r\n\t\t\t        <\/div>\r\n                    <div class=\"elementor-container elementor-column-gap-default item-prensa\">\r\n                    \t<div class=\"elementor-column elementor-col-16 elementor-top-column elementor-element elementor-element-450af00\" data-id=\"450af00\" data-element_type=\"column\">\r\n                    \t\t<div class=\"elementor-widget-wrap elementor-element-populated\">\r\n                    \t\t\t<div class=\"elementor-element elementor-element-2d8186f elementor-widget elementor-widget-image\" data-id=\"2d8186f\" data-element_type=\"widget\" data-widget_type=\"image.default\">\r\n                    \t\t\t\t\t<div class=\"elementor-widget-container\">\r\n                    \t\t\t\t\t\t<img decoding=\"async\" src=\"https:\/\/www.camaravalencia.com\/wp-content\/uploads\/2026\/01\/Reunion-GVA-Consejo-scaled.jpg\" alt=\"El president de la Generalitat, Juanfran P\u00e9rez Llorca, es reunix amb el Comit\u00e9 Executiu del Consell Superior de Cambres de la Comunitat Valenciana\">\r\n                    \t\t\t\t\t<\/div>\r\n                    \t\t\t<\/div>\r\n                    \t\t<\/div>\r\n                    \t<\/div>\r\n                    \t<div class=\"elementor-column elementor-col-66 elementor-top-column elementor-element elementor-element-ac0e9c4\" data-id=\"ac0e9c4\" data-element_type=\"column\">\r\n                    \t\t<div class=\"elementor-widget-wrap elementor-element-populated\">\r\n                    \t\t\t<div class=\"elementor-element elementor-element-f43fd49 elementor-widget elementor-widget-heading\" data-id=\"f43fd49\" data-element_type=\"widget\" data-widget_type=\"heading.default\">\r\n                    \t\t\t\t<div class=\"elementor-widget-container\">\r\n                                        <h3>09\/01\/2026\r\n                    \t\t\t\t\t<a href=\"https:\/\/www.camaravalencia.com\/va\/noticias\/el-president-de-la-generalitat-juanfran-perez-llorca-es-reunix-amb-el-comite-executiu-del-consell-superior-de-cambres-de-la-comunitat-valenciana\/\">El president de la Generalitat, Juanfran P\u00e9rez Llorca, es reunix amb el Comit\u00e9 Executiu del Consell Superior de Cambres de la Comunitat Valenciana<\/a><\/h3>\r\n                    \t\t\t\t<\/div>\r\n                    \t\t\t<\/div>                   \t\t\t\r\n                    \t\t\t\t\t    \r\n                    \t\t\t<div class=\"elementor-element elementor-element-5be341e elementor-widget elementor-widget-text-editor\" data-id=\"5be341e\" data-element_type=\"widget\" data-widget_type=\"text-editor.default\">\r\n                    \t\t\t\t<div class=\"elementor-widget-container\">\r\n                    \t\t\t\t\t<p>En esta primera trobada institucional, al qual tamb\u00e9 ha assistit la consellera d'Ind\u00fastria, Turisme, Innovaci\u00f3 i Comer\u00e7, Marian Cano, s'han tractat assumptes d'inter\u00e9s general com les necessitats h\u00eddriques de la Comunitat Valenciana.<\/p>\r\n                    \t\t\t\t<\/div>\r\n                    \t\t\t<\/div>\r\n                    \t\t\t\r\n                    \t\t\t<div class=\"elementor-element elementor-element-8becfc8 elementor-widget elementor-widget-text-editor\" data-id=\"8becfc8\" data-element_type=\"widget\" data-widget_type=\"text-editor.default\">\r\n                    \t\t\t\t<div class=\"elementor-widget-container\">\r\n                    \t\t\t\t\t<p>Categories associades:  <a href=\"\/noticias\/?filtro=institucional-va\">Institucional<\/a> | <\/p>\r\n                    \t\t\t\t<\/div>\r\n                    \t\t\t<\/div>\r\n                    \t\t<\/div>\r\n                    \t<\/div>\r\n                    \t<div class=\"elementor-column elementor-col-16 elementor-top-column elementor-element elementor-element-19274a7\" data-id=\"19274a7\" data-element_type=\"column\">\r\n                    \t\t<div class=\"elementor-widget-wrap elementor-element-populated\">\r\n                    \t\t\t<div class=\"elementor-element elementor-element-0a5330b elementor-widget elementor-widget-text-editor\" data-id=\"0a5330b\" data-element_type=\"widget\" data-widget_type=\"text-editor.default\">\r\n                    \t\t\t\t<div class=\"elementor-widget-container\"><p><strong>Recursos vinculats<\/strong><\/p><p class=\"recurso_vinculado\">imagen (1)<\/p>\r\n                    \t\t\t\t<\/div>\r\n                    \t\t\t<\/div>\r\n                    \t\t<\/div>\r\n                    \t<\/div>\r\n                    <\/div>\r\n            <div class=\"elementor-element elementor-element-b6dfb4e elementor-widget-divider--view-line elementor-widget elementor-widget-divider\" data-id=\"b6dfb4e\" data-element_type=\"widget\" data-widget_type=\"divider.default\">\r\n\t\t\t\t        <div class=\"elementor-widget-container\">\r\n                \t\t\t<style>\/*! elementor - v3.10.2 - 29-01-2023 *\/\r\n                            .elementor-widget-divider{--divider-border-style:none;--divider-border-width:1px;--divider-color:#2c2c2c;--divider-icon-size:20px;--divider-element-spacing:10px;--divider-pattern-height:24px;--divider-pattern-size:20px;--divider-pattern-url:none;--divider-pattern-repeat:repeat-x}.elementor-widget-divider .elementor-divider{display:flex}.elementor-widget-divider .elementor-divider__text{font-size:15px;line-height:1;max-width:95%}.elementor-widget-divider .elementor-divider__element{margin:0 var(--divider-element-spacing);flex-shrink:0}.elementor-widget-divider .elementor-icon{font-size:var(--divider-icon-size)}.elementor-widget-divider .elementor-divider-separator{display:flex;margin:0;direction:ltr}.elementor-widget-divider--view-line_icon .elementor-divider-separator,.elementor-widget-divider--view-line_text .elementor-divider-separator{align-items:center}.elementor-widget-divider--view-line_icon .elementor-divider-separator:after,.elementor-widget-divider--view-line_icon .elementor-divider-separator:before,.elementor-widget-divider--view-line_text .elementor-divider-separator:after,.elementor-widget-divider--view-line_text .elementor-divider-separator:before{display:block;content:\"\";border-bottom:0;flex-grow:1;border-top:var(--divider-border-width) var(--divider-border-style) var(--divider-color)}.elementor-widget-divider--element-align-left .elementor-divider .elementor-divider-separator>.elementor-divider__svg:first-of-type{flex-grow:0;flex-shrink:100}.elementor-widget-divider--element-align-left .elementor-divider-separator:before{content:none}.elementor-widget-divider--element-align-left .elementor-divider__element{margin-left:0}.elementor-widget-divider--element-align-right .elementor-divider .elementor-divider-separator>.elementor-divider__svg:last-of-type{flex-grow:0;flex-shrink:100}.elementor-widget-divider--element-align-right .elementor-divider-separator:after{content:none}.elementor-widget-divider--element-align-right .elementor-divider__element{margin-right:0}.elementor-widget-divider:not(.elementor-widget-divider--view-line_text):not(.elementor-widget-divider--view-line_icon) .elementor-divider-separator{border-top:var(--divider-border-width) var(--divider-border-style) var(--divider-color)}.elementor-widget-divider--separator-type-pattern{--divider-border-style:none}.elementor-widget-divider--separator-type-pattern.elementor-widget-divider--view-line .elementor-divider-separator,.elementor-widget-divider--separator-type-pattern:not(.elementor-widget-divider--view-line) .elementor-divider-separator:after,.elementor-widget-divider--separator-type-pattern:not(.elementor-widget-divider--view-line) .elementor-divider-separator:before,.elementor-widget-divider--separator-type-pattern:not([class*=elementor-widget-divider--view]) .elementor-divider-separator{width:100%;min-height:var(--divider-pattern-height);-webkit-mask-size:var(--divider-pattern-size) 100%;mask-size:var(--divider-pattern-size) 100%;-webkit-mask-repeat:var(--divider-pattern-repeat);mask-repeat:var(--divider-pattern-repeat);background-color:var(--divider-color);-webkit-mask-image:var(--divider-pattern-url);mask-image:var(--divider-pattern-url)}.elementor-widget-divider--no-spacing{--divider-pattern-size:auto}.elementor-widget-divider--bg-round{--divider-pattern-repeat:round}.rtl .elementor-widget-divider .elementor-divider__text{direction:rtl}.e-con-inner>.elementor-widget-divider,.e-con>.elementor-widget-divider{width:var(--container-widget-width);--flex-grow:var(--container-widget-flex-grow)}<\/style>\r\n                            <div class=\"elementor-divider\">\r\n                    \t\t\t<span class=\"elementor-divider-separator\"><\/span>\r\n    \t                    <\/div>\r\n\t\t\t\t        <\/div>\r\n\t\t\t        <\/div>\r\n                    <div class=\"elementor-container elementor-column-gap-default item-prensa\">\r\n                    \t<div class=\"elementor-column elementor-col-16 elementor-top-column elementor-element elementor-element-450af00\" data-id=\"450af00\" data-element_type=\"column\">\r\n                    \t\t<div class=\"elementor-widget-wrap elementor-element-populated\">\r\n                    \t\t\t<div class=\"elementor-element elementor-element-2d8186f elementor-widget elementor-widget-image\" data-id=\"2d8186f\" data-element_type=\"widget\" data-widget_type=\"image.default\">\r\n                    \t\t\t\t\t<div class=\"elementor-widget-container\">\r\n                    \t\t\t\t\t\t<img decoding=\"async\" src=\"https:\/\/www.camaravalencia.com\/wp-content\/uploads\/2025\/12\/image_490x240.jpg\" alt=\"Les Cambres de la Comunitat Valenciana i la Delegaci\u00f3 davant la UE de la Cambra de Comer\u00e7 d&#8217;Espanya impulsen la seua pres\u00e8ncia a la UE amb una missi\u00f3 empresarial a Brussel\u00b7les\">\r\n                    \t\t\t\t\t<\/div>\r\n                    \t\t\t<\/div>\r\n                    \t\t<\/div>\r\n                    \t<\/div>\r\n                    \t<div class=\"elementor-column elementor-col-66 elementor-top-column elementor-element elementor-element-ac0e9c4\" data-id=\"ac0e9c4\" data-element_type=\"column\">\r\n                    \t\t<div class=\"elementor-widget-wrap elementor-element-populated\">\r\n                    \t\t\t<div class=\"elementor-element elementor-element-f43fd49 elementor-widget elementor-widget-heading\" data-id=\"f43fd49\" data-element_type=\"widget\" data-widget_type=\"heading.default\">\r\n                    \t\t\t\t<div class=\"elementor-widget-container\">\r\n                                        <h3>13\/12\/2025\r\n                    \t\t\t\t\t<a href=\"https:\/\/www.camaravalencia.com\/va\/noticias\/les-cambres-de-la-comunitat-valenciana-i-la-delegacio-davant-la-ue-de-la-cambra-de-comerc-despanya-impulsen-la-seua-presencia-a-la-ue-amb-una-missio-empresarial-a-brusselles\/\">Les Cambres de la Comunitat Valenciana i la Delegaci\u00f3 davant la UE de la Cambra de Comer\u00e7 d&#8217;Espanya impulsen la seua pres\u00e8ncia a la UE amb una missi\u00f3 empresarial a Brussel\u00b7les<\/a><\/h3>\r\n                    \t\t\t\t<\/div>\r\n                    \t\t\t<\/div>                   \t\t\t\r\n                    \t\t\t\t\t    \r\n                    \t\t\t<div class=\"elementor-element elementor-element-5be341e elementor-widget elementor-widget-text-editor\" data-id=\"5be341e\" data-element_type=\"widget\" data-widget_type=\"text-editor.default\">\r\n                    \t\t\t\t<div class=\"elementor-widget-container\">\r\n                    \t\t\t\t\t<p>El Consell de Cambres de la Comunitat Valenciana i la Delegaci\u00f3 davant la UE de la Cambra de Comer\u00e7 d'Espanya han participat en el programa \u201cDe Val\u00e8ncia a Europa: Dones que Connecten\u201d, una iniciativa destinada a acostar a 33 empres\u00e0ries valencianes, de les Cambres d'Alcoi, Alacant, Castell\u00f3, Orihuela i Val\u00e8ncia, a les institucions europees i facilitar la seua participaci\u00f3 en els debats comunitaris sobre igualtat, emprenedoria i lideratge femen\u00ed.<\/p>\r\n                    \t\t\t\t<\/div>\r\n                    \t\t\t<\/div>\r\n                    \t\t\t\r\n                    \t\t\t<div class=\"elementor-element elementor-element-8becfc8 elementor-widget elementor-widget-text-editor\" data-id=\"8becfc8\" data-element_type=\"widget\" data-widget_type=\"text-editor.default\">\r\n                    \t\t\t\t<div class=\"elementor-widget-container\">\r\n                    \t\t\t\t\t<p>Categories associades:  <a href=\"\/noticias\/?filtro=institucional-va\">Institucional<\/a> | <\/p>\r\n                    \t\t\t\t<\/div>\r\n                    \t\t\t<\/div>\r\n                    \t\t<\/div>\r\n                    \t<\/div>\r\n                    \t<div class=\"elementor-column elementor-col-16 elementor-top-column elementor-element elementor-element-19274a7\" data-id=\"19274a7\" data-element_type=\"column\">\r\n                    \t\t<div class=\"elementor-widget-wrap elementor-element-populated\">\r\n                    \t\t\t<div class=\"elementor-element elementor-element-0a5330b elementor-widget elementor-widget-text-editor\" data-id=\"0a5330b\" data-element_type=\"widget\" data-widget_type=\"text-editor.default\">\r\n                    \t\t\t\t<div class=\"elementor-widget-container\"><p><strong>Recursos vinculats<\/strong><\/p><p class=\"recurso_vinculado\">documento (1)<\/p><p class=\"recurso_vinculado\">imagen (1)<\/p>\r\n                    \t\t\t\t<\/div>\r\n                    \t\t\t<\/div>\r\n                    \t\t<\/div>\r\n                    \t<\/div>\r\n                    <\/div>\r\n            <div class=\"elementor-element elementor-element-b6dfb4e elementor-widget-divider--view-line elementor-widget elementor-widget-divider\" data-id=\"b6dfb4e\" data-element_type=\"widget\" data-widget_type=\"divider.default\">\r\n\t\t\t\t        <div class=\"elementor-widget-container\">\r\n                \t\t\t<style>\/*! elementor - v3.10.2 - 29-01-2023 *\/\r\n                            .elementor-widget-divider{--divider-border-style:none;--divider-border-width:1px;--divider-color:#2c2c2c;--divider-icon-size:20px;--divider-element-spacing:10px;--divider-pattern-height:24px;--divider-pattern-size:20px;--divider-pattern-url:none;--divider-pattern-repeat:repeat-x}.elementor-widget-divider .elementor-divider{display:flex}.elementor-widget-divider .elementor-divider__text{font-size:15px;line-height:1;max-width:95%}.elementor-widget-divider .elementor-divider__element{margin:0 var(--divider-element-spacing);flex-shrink:0}.elementor-widget-divider .elementor-icon{font-size:var(--divider-icon-size)}.elementor-widget-divider .elementor-divider-separator{display:flex;margin:0;direction:ltr}.elementor-widget-divider--view-line_icon .elementor-divider-separator,.elementor-widget-divider--view-line_text .elementor-divider-separator{align-items:center}.elementor-widget-divider--view-line_icon .elementor-divider-separator:after,.elementor-widget-divider--view-line_icon .elementor-divider-separator:before,.elementor-widget-divider--view-line_text .elementor-divider-separator:after,.elementor-widget-divider--view-line_text .elementor-divider-separator:before{display:block;content:\"\";border-bottom:0;flex-grow:1;border-top:var(--divider-border-width) var(--divider-border-style) var(--divider-color)}.elementor-widget-divider--element-align-left .elementor-divider .elementor-divider-separator>.elementor-divider__svg:first-of-type{flex-grow:0;flex-shrink:100}.elementor-widget-divider--element-align-left .elementor-divider-separator:before{content:none}.elementor-widget-divider--element-align-left .elementor-divider__element{margin-left:0}.elementor-widget-divider--element-align-right .elementor-divider .elementor-divider-separator>.elementor-divider__svg:last-of-type{flex-grow:0;flex-shrink:100}.elementor-widget-divider--element-align-right .elementor-divider-separator:after{content:none}.elementor-widget-divider--element-align-right .elementor-divider__element{margin-right:0}.elementor-widget-divider:not(.elementor-widget-divider--view-line_text):not(.elementor-widget-divider--view-line_icon) .elementor-divider-separator{border-top:var(--divider-border-width) var(--divider-border-style) var(--divider-color)}.elementor-widget-divider--separator-type-pattern{--divider-border-style:none}.elementor-widget-divider--separator-type-pattern.elementor-widget-divider--view-line .elementor-divider-separator,.elementor-widget-divider--separator-type-pattern:not(.elementor-widget-divider--view-line) .elementor-divider-separator:after,.elementor-widget-divider--separator-type-pattern:not(.elementor-widget-divider--view-line) .elementor-divider-separator:before,.elementor-widget-divider--separator-type-pattern:not([class*=elementor-widget-divider--view]) .elementor-divider-separator{width:100%;min-height:var(--divider-pattern-height);-webkit-mask-size:var(--divider-pattern-size) 100%;mask-size:var(--divider-pattern-size) 100%;-webkit-mask-repeat:var(--divider-pattern-repeat);mask-repeat:var(--divider-pattern-repeat);background-color:var(--divider-color);-webkit-mask-image:var(--divider-pattern-url);mask-image:var(--divider-pattern-url)}.elementor-widget-divider--no-spacing{--divider-pattern-size:auto}.elementor-widget-divider--bg-round{--divider-pattern-repeat:round}.rtl .elementor-widget-divider .elementor-divider__text{direction:rtl}.e-con-inner>.elementor-widget-divider,.e-con>.elementor-widget-divider{width:var(--container-widget-width);--flex-grow:var(--container-widget-flex-grow)}<\/style>\r\n                            <div class=\"elementor-divider\">\r\n                    \t\t\t<span class=\"elementor-divider-separator\"><\/span>\r\n    \t                    <\/div>\r\n\t\t\t\t        <\/div>\r\n\t\t\t        <\/div>\r\n                    <div class=\"elementor-container elementor-column-gap-default item-prensa\">\r\n                    \t<div class=\"elementor-column elementor-col-16 elementor-top-column elementor-element elementor-element-450af00\" data-id=\"450af00\" data-element_type=\"column\">\r\n                    \t\t<div class=\"elementor-widget-wrap elementor-element-populated\">\r\n                    \t\t\t<div class=\"elementor-element elementor-element-2d8186f elementor-widget elementor-widget-image\" data-id=\"2d8186f\" data-element_type=\"widget\" data-widget_type=\"image.default\">\r\n                    \t\t\t\t\t<div class=\"elementor-widget-container\">\r\n                    \t\t\t\t\t\t<img decoding=\"async\" src=\"https:\/\/www.camaravalencia.com\/wp-content\/uploads\/2025\/12\/image_720x480-2.jpg\" alt=\"Cambra Val\u00e8ncia alerta de l&#8217;impacte econ\u00f2mic d&#8217;una interrupci\u00f3 del subministrament d&#8217;aigua\">\r\n                    \t\t\t\t\t<\/div>\r\n                    \t\t\t<\/div>\r\n                    \t\t<\/div>\r\n                    \t<\/div>\r\n                    \t<div class=\"elementor-column elementor-col-66 elementor-top-column elementor-element elementor-element-ac0e9c4\" data-id=\"ac0e9c4\" data-element_type=\"column\">\r\n                    \t\t<div class=\"elementor-widget-wrap elementor-element-populated\">\r\n                    \t\t\t<div class=\"elementor-element elementor-element-f43fd49 elementor-widget elementor-widget-heading\" data-id=\"f43fd49\" data-element_type=\"widget\" data-widget_type=\"heading.default\">\r\n                    \t\t\t\t<div class=\"elementor-widget-container\">\r\n                                        <h3>10\/12\/2025\r\n                    \t\t\t\t\t<a href=\"https:\/\/www.camaravalencia.com\/va\/noticias\/cambra-valencia-alerta-de-limpacte-economic-duna-interrupcio-del-subministrament-daigua\/\">Cambra Val\u00e8ncia alerta de l&#8217;impacte econ\u00f2mic d&#8217;una interrupci\u00f3 del subministrament d&#8217;aigua<\/a><\/h3>\r\n                    \t\t\t\t<\/div>\r\n                    \t\t\t<\/div>                   \t\t\t\r\n                    \t\t\t\t\t    \r\n                    \t\t\t<div class=\"elementor-element elementor-element-5be341e elementor-widget elementor-widget-text-editor\" data-id=\"5be341e\" data-element_type=\"widget\" data-widget_type=\"text-editor.default\">\r\n                    \t\t\t\t<div class=\"elementor-widget-container\">\r\n                    \t\t\t\t\t<p>Cambra Val\u00e8ncia ha presentat un informe que analitza les conseq\u00fc\u00e8ncies econ\u00f2miques d'una eventual interrupci\u00f3 del subministrament d'aigua a la ciutat de Val\u00e8ncia i la seua \u00e0rea metropolitana. L'estudi conclou que una crisi h\u00eddrica de tot just tres dies podria suposar unes p\u00e8rdues de fins a 106 milions d'euros en termes de Valor Afegit Brut, nom\u00e9s a la ciutat de Val\u00e8ncia, afectant especialment el comer\u00e7, l'hostaleria i els servicis sanitaris.<\/p>\r\n                    \t\t\t\t<\/div>\r\n                    \t\t\t<\/div>\r\n                    \t\t\t\r\n                    \t\t\t<div class=\"elementor-element elementor-element-8becfc8 elementor-widget elementor-widget-text-editor\" data-id=\"8becfc8\" data-element_type=\"widget\" data-widget_type=\"text-editor.default\">\r\n                    \t\t\t\t<div class=\"elementor-widget-container\">\r\n                    \t\t\t\t\t<p>Categories associades:  <a href=\"\/noticias\/?filtro=informes-economicos-va\">Informes econ\u00f3micos<\/a> |  <a href=\"\/noticias\/?filtro=institucional-va\">Institucional<\/a> | <\/p>\r\n                    \t\t\t\t<\/div>\r\n                    \t\t\t<\/div>\r\n                    \t\t<\/div>\r\n                    \t<\/div>\r\n                    \t<div class=\"elementor-column elementor-col-16 elementor-top-column elementor-element elementor-element-19274a7\" data-id=\"19274a7\" data-element_type=\"column\">\r\n                    \t\t<div class=\"elementor-widget-wrap elementor-element-populated\">\r\n                    \t\t\t<div class=\"elementor-element elementor-element-0a5330b elementor-widget elementor-widget-text-editor\" data-id=\"0a5330b\" data-element_type=\"widget\" data-widget_type=\"text-editor.default\">\r\n                    \t\t\t\t<div class=\"elementor-widget-container\"><p><strong>Recursos vinculats<\/strong><\/p><p class=\"recurso_vinculado\">documento (1)<\/p><p class=\"recurso_vinculado\">imagen (1)<\/p>\r\n                    \t\t\t\t<\/div>\r\n                    \t\t\t<\/div>\r\n                    \t\t<\/div>\r\n                    \t<\/div>\r\n                    <\/div>\r\n            <div class=\"elementor-element elementor-element-b6dfb4e elementor-widget-divider--view-line elementor-widget elementor-widget-divider\" data-id=\"b6dfb4e\" data-element_type=\"widget\" data-widget_type=\"divider.default\">\r\n\t\t\t\t        <div class=\"elementor-widget-container\">\r\n                \t\t\t<style>\/*! elementor - v3.10.2 - 29-01-2023 *\/\r\n                            .elementor-widget-divider{--divider-border-style:none;--divider-border-width:1px;--divider-color:#2c2c2c;--divider-icon-size:20px;--divider-element-spacing:10px;--divider-pattern-height:24px;--divider-pattern-size:20px;--divider-pattern-url:none;--divider-pattern-repeat:repeat-x}.elementor-widget-divider .elementor-divider{display:flex}.elementor-widget-divider .elementor-divider__text{font-size:15px;line-height:1;max-width:95%}.elementor-widget-divider .elementor-divider__element{margin:0 var(--divider-element-spacing);flex-shrink:0}.elementor-widget-divider .elementor-icon{font-size:var(--divider-icon-size)}.elementor-widget-divider .elementor-divider-separator{display:flex;margin:0;direction:ltr}.elementor-widget-divider--view-line_icon .elementor-divider-separator,.elementor-widget-divider--view-line_text .elementor-divider-separator{align-items:center}.elementor-widget-divider--view-line_icon .elementor-divider-separator:after,.elementor-widget-divider--view-line_icon .elementor-divider-separator:before,.elementor-widget-divider--view-line_text .elementor-divider-separator:after,.elementor-widget-divider--view-line_text .elementor-divider-separator:before{display:block;content:\"\";border-bottom:0;flex-grow:1;border-top:var(--divider-border-width) var(--divider-border-style) var(--divider-color)}.elementor-widget-divider--element-align-left .elementor-divider .elementor-divider-separator>.elementor-divider__svg:first-of-type{flex-grow:0;flex-shrink:100}.elementor-widget-divider--element-align-left .elementor-divider-separator:before{content:none}.elementor-widget-divider--element-align-left .elementor-divider__element{margin-left:0}.elementor-widget-divider--element-align-right .elementor-divider .elementor-divider-separator>.elementor-divider__svg:last-of-type{flex-grow:0;flex-shrink:100}.elementor-widget-divider--element-align-right .elementor-divider-separator:after{content:none}.elementor-widget-divider--element-align-right .elementor-divider__element{margin-right:0}.elementor-widget-divider:not(.elementor-widget-divider--view-line_text):not(.elementor-widget-divider--view-line_icon) .elementor-divider-separator{border-top:var(--divider-border-width) var(--divider-border-style) var(--divider-color)}.elementor-widget-divider--separator-type-pattern{--divider-border-style:none}.elementor-widget-divider--separator-type-pattern.elementor-widget-divider--view-line .elementor-divider-separator,.elementor-widget-divider--separator-type-pattern:not(.elementor-widget-divider--view-line) .elementor-divider-separator:after,.elementor-widget-divider--separator-type-pattern:not(.elementor-widget-divider--view-line) .elementor-divider-separator:before,.elementor-widget-divider--separator-type-pattern:not([class*=elementor-widget-divider--view]) .elementor-divider-separator{width:100%;min-height:var(--divider-pattern-height);-webkit-mask-size:var(--divider-pattern-size) 100%;mask-size:var(--divider-pattern-size) 100%;-webkit-mask-repeat:var(--divider-pattern-repeat);mask-repeat:var(--divider-pattern-repeat);background-color:var(--divider-color);-webkit-mask-image:var(--divider-pattern-url);mask-image:var(--divider-pattern-url)}.elementor-widget-divider--no-spacing{--divider-pattern-size:auto}.elementor-widget-divider--bg-round{--divider-pattern-repeat:round}.rtl .elementor-widget-divider .elementor-divider__text{direction:rtl}.e-con-inner>.elementor-widget-divider,.e-con>.elementor-widget-divider{width:var(--container-widget-width);--flex-grow:var(--container-widget-flex-grow)}<\/style>\r\n                            <div class=\"elementor-divider\">\r\n                    \t\t\t<span class=\"elementor-divider-separator\"><\/span>\r\n    \t                    <\/div>\r\n\t\t\t\t        <\/div>\r\n\t\t\t        <\/div>\r\n                    <div class=\"elementor-container elementor-column-gap-default item-prensa\">\r\n                    \t<div class=\"elementor-column elementor-col-16 elementor-top-column elementor-element elementor-element-450af00\" data-id=\"450af00\" data-element_type=\"column\">\r\n                    \t\t<div class=\"elementor-widget-wrap elementor-element-populated\">\r\n                    \t\t\t<div class=\"elementor-element elementor-element-2d8186f elementor-widget elementor-widget-image\" data-id=\"2d8186f\" data-element_type=\"widget\" data-widget_type=\"image.default\">\r\n                    \t\t\t\t\t<div class=\"elementor-widget-container\">\r\n                    \t\t\t\t\t\t<img decoding=\"async\" src=\"https:\/\/www.camaravalencia.com\/wp-content\/uploads\/2025\/12\/image_720x480-1.jpg\" alt=\"Cambra Val\u00e8ncia i CaixaBank presenten un informe sobre l&#8217;impacte de la geopol\u00edtica en el comer\u00e7 exterior valenci\u00e0\">\r\n                    \t\t\t\t\t<\/div>\r\n                    \t\t\t<\/div>\r\n                    \t\t<\/div>\r\n                    \t<\/div>\r\n                    \t<div class=\"elementor-column elementor-col-66 elementor-top-column elementor-element elementor-element-ac0e9c4\" data-id=\"ac0e9c4\" data-element_type=\"column\">\r\n                    \t\t<div class=\"elementor-widget-wrap elementor-element-populated\">\r\n                    \t\t\t<div class=\"elementor-element elementor-element-f43fd49 elementor-widget elementor-widget-heading\" data-id=\"f43fd49\" data-element_type=\"widget\" data-widget_type=\"heading.default\">\r\n                    \t\t\t\t<div class=\"elementor-widget-container\">\r\n                                        <h3>04\/12\/2025\r\n                    \t\t\t\t\t<a href=\"https:\/\/www.camaravalencia.com\/va\/noticias\/cambra-valencia-i-caixabank-presenten-un-informe-sobre-limpacte-de-la-geopolitica-en-el-comerc-exterior-valencia\/\">Cambra Val\u00e8ncia i CaixaBank presenten un informe sobre l&#8217;impacte de la geopol\u00edtica en el comer\u00e7 exterior valenci\u00e0<\/a><\/h3>\r\n                    \t\t\t\t<\/div>\r\n                    \t\t\t<\/div>                   \t\t\t\r\n                    \t\t\t\t\t    \r\n                    \t\t\t<div class=\"elementor-element elementor-element-5be341e elementor-widget elementor-widget-text-editor\" data-id=\"5be341e\" data-element_type=\"widget\" data-widget_type=\"text-editor.default\">\r\n                    \t\t\t\t<div class=\"elementor-widget-container\">\r\n                    \t\t\t\t\t<p>L'estudi, elaborat per Cambra Val\u00e8ncia amb la col\u00b7laboraci\u00f3 de CaixaBank, analitza com la transformaci\u00f3 de l'orde internacional est\u00e0 reconfigurant les estrat\u00e8gies d'internacionalitzaci\u00f3 de les empreses de la Comunitat Valenciana i proposa claus per a refor\u00e7ar la seua resili\u00e8ncia davant riscos globals.<\/p>\r\n                    \t\t\t\t<\/div>\r\n                    \t\t\t<\/div>\r\n                    \t\t\t\r\n                    \t\t\t<div class=\"elementor-element elementor-element-8becfc8 elementor-widget elementor-widget-text-editor\" data-id=\"8becfc8\" data-element_type=\"widget\" data-widget_type=\"text-editor.default\">\r\n                    \t\t\t\t<div class=\"elementor-widget-container\">\r\n                    \t\t\t\t\t<p>Categories associades:  <a href=\"\/noticias\/?filtro=informes-economicos-va\">Informes econ\u00f3micos<\/a> |  <a href=\"\/noticias\/?filtro=institucional-va\">Institucional<\/a> |  <a href=\"\/noticias\/?filtro=internacional-va\">Internacional<\/a> | <\/p>\r\n                    \t\t\t\t<\/div>\r\n                    \t\t\t<\/div>\r\n                    \t\t<\/div>\r\n                    \t<\/div>\r\n                    \t<div class=\"elementor-column elementor-col-16 elementor-top-column elementor-element elementor-element-19274a7\" data-id=\"19274a7\" data-element_type=\"column\">\r\n                    \t\t<div class=\"elementor-widget-wrap elementor-element-populated\">\r\n                    \t\t\t<div class=\"elementor-element elementor-element-0a5330b elementor-widget elementor-widget-text-editor\" data-id=\"0a5330b\" data-element_type=\"widget\" data-widget_type=\"text-editor.default\">\r\n                    \t\t\t\t<div class=\"elementor-widget-container\"><p><strong>Recursos vinculats<\/strong><\/p><p class=\"recurso_vinculado\">documento (1)<\/p><p class=\"recurso_vinculado\">informe (1)<\/p><p class=\"recurso_vinculado\">imagen (3)<\/p>\r\n                    \t\t\t\t<\/div>\r\n                    \t\t\t<\/div>\r\n                    \t\t<\/div>\r\n                    \t<\/div>\r\n                    <\/div>\r\n            <div class=\"elementor-element elementor-element-b6dfb4e elementor-widget-divider--view-line elementor-widget elementor-widget-divider\" data-id=\"b6dfb4e\" data-element_type=\"widget\" data-widget_type=\"divider.default\">\r\n\t\t\t\t        <div class=\"elementor-widget-container\">\r\n                \t\t\t<style>\/*! elementor - v3.10.2 - 29-01-2023 *\/\r\n                            .elementor-widget-divider{--divider-border-style:none;--divider-border-width:1px;--divider-color:#2c2c2c;--divider-icon-size:20px;--divider-element-spacing:10px;--divider-pattern-height:24px;--divider-pattern-size:20px;--divider-pattern-url:none;--divider-pattern-repeat:repeat-x}.elementor-widget-divider .elementor-divider{display:flex}.elementor-widget-divider .elementor-divider__text{font-size:15px;line-height:1;max-width:95%}.elementor-widget-divider .elementor-divider__element{margin:0 var(--divider-element-spacing);flex-shrink:0}.elementor-widget-divider .elementor-icon{font-size:var(--divider-icon-size)}.elementor-widget-divider .elementor-divider-separator{display:flex;margin:0;direction:ltr}.elementor-widget-divider--view-line_icon .elementor-divider-separator,.elementor-widget-divider--view-line_text .elementor-divider-separator{align-items:center}.elementor-widget-divider--view-line_icon .elementor-divider-separator:after,.elementor-widget-divider--view-line_icon .elementor-divider-separator:before,.elementor-widget-divider--view-line_text .elementor-divider-separator:after,.elementor-widget-divider--view-line_text .elementor-divider-separator:before{display:block;content:\"\";border-bottom:0;flex-grow:1;border-top:var(--divider-border-width) var(--divider-border-style) var(--divider-color)}.elementor-widget-divider--element-align-left .elementor-divider .elementor-divider-separator>.elementor-divider__svg:first-of-type{flex-grow:0;flex-shrink:100}.elementor-widget-divider--element-align-left .elementor-divider-separator:before{content:none}.elementor-widget-divider--element-align-left .elementor-divider__element{margin-left:0}.elementor-widget-divider--element-align-right .elementor-divider .elementor-divider-separator>.elementor-divider__svg:last-of-type{flex-grow:0;flex-shrink:100}.elementor-widget-divider--element-align-right .elementor-divider-separator:after{content:none}.elementor-widget-divider--element-align-right .elementor-divider__element{margin-right:0}.elementor-widget-divider:not(.elementor-widget-divider--view-line_text):not(.elementor-widget-divider--view-line_icon) .elementor-divider-separator{border-top:var(--divider-border-width) var(--divider-border-style) var(--divider-color)}.elementor-widget-divider--separator-type-pattern{--divider-border-style:none}.elementor-widget-divider--separator-type-pattern.elementor-widget-divider--view-line .elementor-divider-separator,.elementor-widget-divider--separator-type-pattern:not(.elementor-widget-divider--view-line) .elementor-divider-separator:after,.elementor-widget-divider--separator-type-pattern:not(.elementor-widget-divider--view-line) .elementor-divider-separator:before,.elementor-widget-divider--separator-type-pattern:not([class*=elementor-widget-divider--view]) .elementor-divider-separator{width:100%;min-height:var(--divider-pattern-height);-webkit-mask-size:var(--divider-pattern-size) 100%;mask-size:var(--divider-pattern-size) 100%;-webkit-mask-repeat:var(--divider-pattern-repeat);mask-repeat:var(--divider-pattern-repeat);background-color:var(--divider-color);-webkit-mask-image:var(--divider-pattern-url);mask-image:var(--divider-pattern-url)}.elementor-widget-divider--no-spacing{--divider-pattern-size:auto}.elementor-widget-divider--bg-round{--divider-pattern-repeat:round}.rtl .elementor-widget-divider .elementor-divider__text{direction:rtl}.e-con-inner>.elementor-widget-divider,.e-con>.elementor-widget-divider{width:var(--container-widget-width);--flex-grow:var(--container-widget-flex-grow)}<\/style>\r\n                            <div class=\"elementor-divider\">\r\n                    \t\t\t<span class=\"elementor-divider-separator\"><\/span>\r\n    \t                    <\/div>\r\n\t\t\t\t        <\/div>\r\n\t\t\t        <\/div><div class=\"paginador_prensa\" style=\"text-align: center;\"><ul class='page-numbers'>\n\t<li><span aria-current=\"page\" class=\"page-numbers current\">1<\/span><\/li>\n\t<li><a class=\"page-numbers\" href=\"https:\/\/www.camaravalencia.com\/va\/gabinete-comunicacion\/page\/2\">2<\/a><\/li>\n\t<li><a class=\"page-numbers\" href=\"https:\/\/www.camaravalencia.com\/va\/gabinete-comunicacion\/page\/3\">3<\/a><\/li>\n\t<li><span class=\"page-numbers dots\">&hellip;<\/span><\/li>\n\t<li><a class=\"page-numbers\" href=\"https:\/\/www.camaravalencia.com\/va\/gabinete-comunicacion\/page\/24\">24<\/a><\/li>\n\t<li><a class=\"next page-numbers\" href=\"https:\/\/www.camaravalencia.com\/va\/gabinete-comunicacion\/page\/2\">><\/a><\/li>\n<\/ul>\n<\/div>\t\t<div class=\"elementor-shortcode\"><\/div>\n\t\t\t\t\t\t<\/div>\n\t\t\t\t<\/div>\n\t\t\t\t\t<\/div>\n\t\t<\/div>\n\t\t\t\t\t<\/div>\n\t\t<\/section>\n\t\t\t\t<\/div>\n\t\t","protected":false},"excerpt":{"rendered":"","protected":false},"author":30,"featured_media":0,"parent":0,"menu_order":0,"comment_status":"closed","ping_status":"closed","template":"","meta":{"_acf_changed":false,"footnotes":""},"class_list":["post-14478","page","type-page","status-publish","hentry"],"acf":[],"yoast_head":"<!-- This site is optimized with the Yoast SEO plugin v27.3 - https:\/\/yoast.com\/product\/yoast-seo-wordpress\/ -->\n<title>Premsa - C\u00e1mara de Comercio de Valencia<\/title>\n<meta name=\"description\" content=\"El directorio de empresas, los programas de comercio internacional, y la bolsa de trabajo son algunos de los servicios m\u00e1s destacados de la C\u00e1mara de Comercio de Valencia. Pero adem\u00e1s, tendr\u00e1 a su disposici\u00f3n toda la actualidad y las noticias econ\u00f3micas, programas de creaci\u00f3n de empresas, subvenciones, licitaciones y concursos...\" \/>\n<meta name=\"robots\" content=\"index, follow, max-snippet:-1, max-image-preview:large, max-video-preview:-1\" \/>\n<link rel=\"canonical\" href=\"https:\/\/www.camaravalencia.com\/va\/gabinete-comunicacion\/\" \/>\n<meta property=\"og:locale\" content=\"en_US\" \/>\n<meta property=\"og:type\" content=\"article\" \/>\n<meta property=\"og:title\" content=\"Premsa - C\u00e1mara de Comercio de Valencia\" \/>\n<meta property=\"og:description\" content=\"El directorio de empresas, los programas de comercio internacional, y la bolsa de trabajo son algunos de los servicios m\u00e1s destacados de la C\u00e1mara de Comercio de Valencia. Pero adem\u00e1s, tendr\u00e1 a su disposici\u00f3n toda la actualidad y las noticias econ\u00f3micas, programas de creaci\u00f3n de empresas, subvenciones, licitaciones y concursos...\" \/>\n<meta property=\"og:url\" content=\"https:\/\/www.camaravalencia.com\/va\/gabinete-comunicacion\" \/>\n<meta property=\"og:site_name\" content=\"C\u00e1mara de Comercio de Valencia\" \/>\n<meta property=\"article:publisher\" content=\"http:\/\/www.facebook.com\/camaracomerciovalencia\/\" \/>\n<meta property=\"article:modified_time\" content=\"2023-05-17T08:49:52+00:00\" \/>\n<meta property=\"og:image\" content=\"https:\/\/www.camaravalencia.com\/wp-content\/uploads\/2023\/01\/logo-camara-valencia-300x300-1.png\" \/>\n\t<meta property=\"og:image:width\" content=\"300\" \/>\n\t<meta property=\"og:image:height\" content=\"300\" \/>\n\t<meta property=\"og:image:type\" content=\"image\/png\" \/>\n<meta name=\"twitter:card\" content=\"summary_large_image\" \/>\n<meta name=\"twitter:site\" content=\"@camaravalencia\" \/>\n<script type=\"application\/ld+json\" class=\"yoast-schema-graph\">{\"@context\":\"https:\\\/\\\/schema.org\",\"@graph\":[{\"@type\":\"WebPage\",\"@id\":\"https:\\\/\\\/www.camaravalencia.com\\\/va\\\/gabinete-comunicacion\\\/\",\"url\":\"https:\\\/\\\/www.camaravalencia.com\\\/va\\\/gabinete-comunicacion\\\/\",\"name\":\"Premsa - C\u00e1mara de Comercio de Valencia\",\"isPartOf\":{\"@id\":\"https:\\\/\\\/www.camaravalencia.com\\\/va\\\/#website\"},\"datePublished\":\"2023-02-13T05:51:05+00:00\",\"dateModified\":\"2023-05-17T08:49:52+00:00\",\"description\":\"El directorio de empresas, los programas de comercio internacional, y la bolsa de trabajo son algunos de los servicios m\u00e1s destacados de la C\u00e1mara de Comercio de Valencia. Pero adem\u00e1s, tendr\u00e1 a su disposici\u00f3n toda la actualidad y las noticias econ\u00f3micas, programas de creaci\u00f3n de empresas, subvenciones, licitaciones y concursos...\",\"breadcrumb\":{\"@id\":\"https:\\\/\\\/www.camaravalencia.com\\\/va\\\/gabinete-comunicacion\\\/#breadcrumb\"},\"inLanguage\":\"va\",\"potentialAction\":[{\"@type\":\"ReadAction\",\"target\":[\"https:\\\/\\\/www.camaravalencia.com\\\/va\\\/gabinete-comunicacion\\\/\"]}]},{\"@type\":\"BreadcrumbList\",\"@id\":\"https:\\\/\\\/www.camaravalencia.com\\\/va\\\/gabinete-comunicacion\\\/#breadcrumb\",\"itemListElement\":[{\"@type\":\"ListItem\",\"position\":1,\"name\":\"Perfil del Contratante\",\"item\":\"https:\\\/\\\/www.camaravalencia.com\\\/va\\\/\"},{\"@type\":\"ListItem\",\"position\":2,\"name\":\"Premsa\"}]},{\"@type\":\"WebSite\",\"@id\":\"https:\\\/\\\/www.camaravalencia.com\\\/va\\\/#website\",\"url\":\"https:\\\/\\\/www.camaravalencia.com\\\/va\\\/\",\"name\":\"C\u00e1mara de Comercio de Valencia\",\"description\":\"El directorio de empresas, los programas de comercio internacional, y la bolsa de trabajo son algunos de los servicios m\u00e1s destacados de la C\u00e1mara de Comercio de Valencia Pero adem\u00e1s, tendr\u00e1 a su disposici\u00f3n toda la actualidad y las noticias econ\u00f3micas, programas de creaci\u00f3n de empresas, subvenciones, licitaciones y concursos, etc\",\"publisher\":{\"@id\":\"https:\\\/\\\/www.camaravalencia.com\\\/va\\\/#organization\"},\"potentialAction\":[{\"@type\":\"SearchAction\",\"target\":{\"@type\":\"EntryPoint\",\"urlTemplate\":\"https:\\\/\\\/www.camaravalencia.com\\\/va\\\/?s={search_term_string}\"},\"query-input\":{\"@type\":\"PropertyValueSpecification\",\"valueRequired\":true,\"valueName\":\"search_term_string\"}}],\"inLanguage\":\"va\"},{\"@type\":\"Organization\",\"@id\":\"https:\\\/\\\/www.camaravalencia.com\\\/va\\\/#organization\",\"name\":\"C\u00e1mara de Comercio de Valencia\",\"url\":\"https:\\\/\\\/www.camaravalencia.com\\\/va\\\/\",\"logo\":{\"@type\":\"ImageObject\",\"inLanguage\":\"va\",\"@id\":\"https:\\\/\\\/www.camaravalencia.com\\\/va\\\/#\\\/schema\\\/logo\\\/image\\\/\",\"url\":\"https:\\\/\\\/www.camaravalencia.com\\\/wp-content\\\/uploads\\\/2023\\\/01\\\/logo-camara-valencia-300x300-1.png\",\"contentUrl\":\"https:\\\/\\\/www.camaravalencia.com\\\/wp-content\\\/uploads\\\/2023\\\/01\\\/logo-camara-valencia-300x300-1.png\",\"width\":300,\"height\":300,\"caption\":\"C\u00e1mara de Comercio de Valencia\"},\"image\":{\"@id\":\"https:\\\/\\\/www.camaravalencia.com\\\/va\\\/#\\\/schema\\\/logo\\\/image\\\/\"},\"sameAs\":[\"http:\\\/\\\/www.facebook.com\\\/camaracomerciovalencia\\\/\",\"https:\\\/\\\/x.com\\\/camaravalencia\",\"https:\\\/\\\/www.youtube.com\\\/user\\\/CamaraVLC\",\"https:\\\/\\\/www.pinterest.es\\\/empleoytalento\\\/\",\"https:\\\/\\\/www.linkedin.com\\\/company\\\/camara-valencia\\\/\"]}]}<\/script>\n<!-- \/ Yoast SEO plugin. -->","yoast_head_json":{"title":"Premsa - C\u00e1mara de Comercio de Valencia","description":"El directorio de empresas, los programas de comercio internacional, y la bolsa de trabajo son algunos de los servicios m\u00e1s destacados de la C\u00e1mara de Comercio de Valencia. Pero adem\u00e1s, tendr\u00e1 a su disposici\u00f3n toda la actualidad y las noticias econ\u00f3micas, programas de creaci\u00f3n de empresas, subvenciones, licitaciones y concursos...","robots":{"index":"index","follow":"follow","max-snippet":"max-snippet:-1","max-image-preview":"max-image-preview:large","max-video-preview":"max-video-preview:-1"},"canonical":"https:\/\/www.camaravalencia.com\/va\/gabinete-comunicacion\/","og_locale":"en_US","og_type":"article","og_title":"Premsa - C\u00e1mara de Comercio de Valencia","og_description":"El directorio de empresas, los programas de comercio internacional, y la bolsa de trabajo son algunos de los servicios m\u00e1s destacados de la C\u00e1mara de Comercio de Valencia. Pero adem\u00e1s, tendr\u00e1 a su disposici\u00f3n toda la actualidad y las noticias econ\u00f3micas, programas de creaci\u00f3n de empresas, subvenciones, licitaciones y concursos...","og_url":"https:\/\/www.camaravalencia.com\/va\/gabinete-comunicacion","og_site_name":"C\u00e1mara de Comercio de Valencia","article_publisher":"http:\/\/www.facebook.com\/camaracomerciovalencia\/","article_modified_time":"2023-05-17T08:49:52+00:00","og_image":[{"width":300,"height":300,"url":"https:\/\/www.camaravalencia.com\/wp-content\/uploads\/2023\/01\/logo-camara-valencia-300x300-1.png","type":"image\/png"}],"twitter_card":"summary_large_image","twitter_site":"@camaravalencia","schema":{"@context":"https:\/\/schema.org","@graph":[{"@type":"WebPage","@id":"https:\/\/www.camaravalencia.com\/va\/gabinete-comunicacion\/","url":"https:\/\/www.camaravalencia.com\/va\/gabinete-comunicacion\/","name":"Premsa - C\u00e1mara de Comercio de Valencia","isPartOf":{"@id":"https:\/\/www.camaravalencia.com\/va\/#website"},"datePublished":"2023-02-13T05:51:05+00:00","dateModified":"2023-05-17T08:49:52+00:00","description":"El directorio de empresas, los programas de comercio internacional, y la bolsa de trabajo son algunos de los servicios m\u00e1s destacados de la C\u00e1mara de Comercio de Valencia. Pero adem\u00e1s, tendr\u00e1 a su disposici\u00f3n toda la actualidad y las noticias econ\u00f3micas, programas de creaci\u00f3n de empresas, subvenciones, licitaciones y concursos...","breadcrumb":{"@id":"https:\/\/www.camaravalencia.com\/va\/gabinete-comunicacion\/#breadcrumb"},"inLanguage":"va","potentialAction":[{"@type":"ReadAction","target":["https:\/\/www.camaravalencia.com\/va\/gabinete-comunicacion\/"]}]},{"@type":"BreadcrumbList","@id":"https:\/\/www.camaravalencia.com\/va\/gabinete-comunicacion\/#breadcrumb","itemListElement":[{"@type":"ListItem","position":1,"name":"Perfil del Contratante","item":"https:\/\/www.camaravalencia.com\/va\/"},{"@type":"ListItem","position":2,"name":"Premsa"}]},{"@type":"WebSite","@id":"https:\/\/www.camaravalencia.com\/va\/#website","url":"https:\/\/www.camaravalencia.com\/va\/","name":"C\u00e1mara de Comercio de Valencia","description":"El directorio de empresas, los programas de comercio internacional, y la bolsa de trabajo son algunos de los servicios m\u00e1s destacados de la C\u00e1mara de Comercio de Valencia Pero adem\u00e1s, tendr\u00e1 a su disposici\u00f3n toda la actualidad y las noticias econ\u00f3micas, programas de creaci\u00f3n de empresas, subvenciones, licitaciones y concursos, etc","publisher":{"@id":"https:\/\/www.camaravalencia.com\/va\/#organization"},"potentialAction":[{"@type":"SearchAction","target":{"@type":"EntryPoint","urlTemplate":"https:\/\/www.camaravalencia.com\/va\/?s={search_term_string}"},"query-input":{"@type":"PropertyValueSpecification","valueRequired":true,"valueName":"search_term_string"}}],"inLanguage":"va"},{"@type":"Organization","@id":"https:\/\/www.camaravalencia.com\/va\/#organization","name":"C\u00e1mara de Comercio de Valencia","url":"https:\/\/www.camaravalencia.com\/va\/","logo":{"@type":"ImageObject","inLanguage":"va","@id":"https:\/\/www.camaravalencia.com\/va\/#\/schema\/logo\/image\/","url":"https:\/\/www.camaravalencia.com\/wp-content\/uploads\/2023\/01\/logo-camara-valencia-300x300-1.png","contentUrl":"https:\/\/www.camaravalencia.com\/wp-content\/uploads\/2023\/01\/logo-camara-valencia-300x300-1.png","width":300,"height":300,"caption":"C\u00e1mara de Comercio de Valencia"},"image":{"@id":"https:\/\/www.camaravalencia.com\/va\/#\/schema\/logo\/image\/"},"sameAs":["http:\/\/www.facebook.com\/camaracomerciovalencia\/","https:\/\/x.com\/camaravalencia","https:\/\/www.youtube.com\/user\/CamaraVLC","https:\/\/www.pinterest.es\/empleoytalento\/","https:\/\/www.linkedin.com\/company\/camara-valencia\/"]}]}},"_links":{"self":[{"href":"https:\/\/www.camaravalencia.com\/va\/wp-json\/wp\/v2\/pages\/14478","targetHints":{"allow":["GET"]}}],"collection":[{"href":"https:\/\/www.camaravalencia.com\/va\/wp-json\/wp\/v2\/pages"}],"about":[{"href":"https:\/\/www.camaravalencia.com\/va\/wp-json\/wp\/v2\/types\/page"}],"author":[{"embeddable":true,"href":"https:\/\/www.camaravalencia.com\/va\/wp-json\/wp\/v2\/users\/30"}],"replies":[{"embeddable":true,"href":"https:\/\/www.camaravalencia.com\/va\/wp-json\/wp\/v2\/comments?post=14478"}],"version-history":[{"count":1,"href":"https:\/\/www.camaravalencia.com\/va\/wp-json\/wp\/v2\/pages\/14478\/revisions"}],"predecessor-version":[{"id":14479,"href":"https:\/\/www.camaravalencia.com\/va\/wp-json\/wp\/v2\/pages\/14478\/revisions\/14479"}],"wp:attachment":[{"href":"https:\/\/www.camaravalencia.com\/va\/wp-json\/wp\/v2\/media?parent=14478"}],"curies":[{"name":"wp","href":"https:\/\/api.w.org\/{rel}","templated":true}]}}