{"id":14485,"date":"2023-02-09T10:09:17","date_gmt":"2023-02-09T09:09:17","guid":{"rendered":"https:\/\/www.camaravalencia.com\/lista-instalaciones\/"},"modified":"2023-05-17T10:08:27","modified_gmt":"2023-05-17T09:08:27","slug":"lista-instalaciones","status":"publish","type":"page","link":"https:\/\/www.camaravalencia.com\/va\/lista-instalaciones\/","title":{"rendered":"Llista Instal\u00b7lacions"},"content":{"rendered":"<style>:root{--page-title-display:none;}<\/style>\t\t<div data-elementor-type=\"wp-page\" data-elementor-id=\"14485\" class=\"elementor elementor-14485 elementor-8293\" data-elementor-post-type=\"page\">\n\t\t\t\t\t\t<section class=\"elementor-section elementor-top-section elementor-element elementor-element-2296834 elementor-section-boxed elementor-section-height-default elementor-section-height-default\" data-id=\"2296834\" data-element_type=\"section\" data-e-type=\"section\">\n\t\t\t\t\t\t<div class=\"elementor-container elementor-column-gap-default\">\n\t\t\t\t\t<div class=\"elementor-column elementor-col-100 elementor-top-column elementor-element elementor-element-1c0193a\" data-id=\"1c0193a\" data-element_type=\"column\" data-e-type=\"column\">\n\t\t\t<div class=\"elementor-widget-wrap elementor-element-populated\">\n\t\t\t\t\t\t<div class=\"elementor-element elementor-element-e44276a elementor-widget elementor-widget-shortcode\" data-id=\"e44276a\" data-element_type=\"widget\" data-e-type=\"widget\" data-widget_type=\"shortcode.default\">\n\t\t\t\t<div class=\"elementor-widget-container\">\n\t\t\t\t\t\t\t<div class=\"elementor-shortcode\"><div class=\"nuestro-espacio\"><h2\">Seu Central \u2013 Poeta Querol 15<\/h2><div class=\"titulo\">La Cambra Val\u00e8ncia disposa d'excel\u00b7lents instal\u00b7lacions en el centre de Val\u00e8ncia per a la celebraci\u00f3 de reunions, actes i esdeveniments amb sales i aules totalment equipades.<\/div><section class=\"elementor-section elementor-top-section elementor-element elementor-section-boxed elementor-section-height-default elementor-section-height-default\" data-element_type=\"section\"><div class=\"elementor-container elementor-column-gap-default\"><\/div><div class=\"elementor-container elementor-column-gap-default\"><div class=\"elementor-column elementor-col-33 elementor-top-column elementor-element elementor-element-2bdaafc\" data-id=\"2bdaafc\" data-element_type=\"column\">\r\n                                 <div class=\"elementor-element-populated\"><div class=\"elementor-element elementor-element-25ee1d7 elementor-widget elementor-widget-image\" data-element_type=\"widget\" data-widget_type=\"image.default\"><div class=\"imagen\"><img decoding=\"async\" src=\"https:\/\/www.camaravalencia.com\/wp-content\/uploads\/2023\/01\/Aula1.jpg\"><\/div><\/div><a href=\"https:\/\/www.camaravalencia.com\/va\/instalaciones\/aula-1\/\">\r\n                                                <div class=\"franja_aula\">\r\n                                                    <div class=\"nombre\">Aula 1<\/div>\r\n                                                    <div class=\"cantidad\">(24 per.)<\/div>\r\n                                                <\/div>\r\n                                                <\/a><div class=\"precios\"><p><strong>1\/2 Jornada:<\/strong> 215 \u20ac<br><strong>Jornada:<\/strong> 365 \u20ac\r\n                                               <\/p>\r\n                                            <\/div>\r\n                                 <\/div>\r\n                            <\/div><div class=\"elementor-column elementor-col-33 elementor-top-column elementor-element elementor-element-2bdaafc\" data-id=\"2bdaafc\" data-element_type=\"column\">\r\n                                 <div class=\"elementor-element-populated\"><div class=\"elementor-element elementor-element-25ee1d7 elementor-widget elementor-widget-image\" data-element_type=\"widget\" data-widget_type=\"image.default\"><div class=\"imagen\"><img decoding=\"async\" src=\"https:\/\/www.camaravalencia.com\/wp-content\/uploads\/2023\/01\/Aula2.jpg\"><\/div><\/div><a href=\"https:\/\/www.camaravalencia.com\/va\/instalaciones\/aula-2\/\">\r\n                                                <div class=\"franja_aula\">\r\n                                                    <div class=\"nombre\">Aula 2<\/div>\r\n                                                    <div class=\"cantidad\">(24 per.)<\/div>\r\n                                                <\/div>\r\n                                                <\/a><div class=\"precios\"><p><strong>1\/2 Jornada:<\/strong> 215 \u20ac<br><strong>Jornada:<\/strong> 365 \u20ac\r\n                                               <\/p>\r\n                                            <\/div>\r\n                                 <\/div>\r\n                            <\/div><div class=\"elementor-column elementor-col-33 elementor-top-column elementor-element elementor-element-2bdaafc\" data-id=\"2bdaafc\" data-element_type=\"column\">\r\n                                 <div class=\"elementor-element-populated\"><div class=\"elementor-element elementor-element-25ee1d7 elementor-widget elementor-widget-image\" data-element_type=\"widget\" data-widget_type=\"image.default\"><div class=\"imagen\"><img decoding=\"async\" src=\"https:\/\/www.camaravalencia.com\/wp-content\/uploads\/2023\/01\/Aula4.jpg\"><\/div><\/div><a href=\"https:\/\/www.camaravalencia.com\/va\/instalaciones\/aula-4\/\">\r\n                                                <div class=\"franja_aula\">\r\n                                                    <div class=\"nombre\">Aula 4<\/div>\r\n                                                    <div class=\"cantidad\">(20 per.)<\/div>\r\n                                                <\/div>\r\n                                                <\/a><div class=\"precios\"><p><strong>1\/2 Jornada:<\/strong> 165 \u20ac<br><strong>Jornada:<\/strong> 280 \u20ac\r\n                                               <\/p>\r\n                                            <\/div>\r\n                                 <\/div>\r\n                            <\/div><\/div><div class=\"elementor-container elementor-column-gap-default\"><div class=\"elementor-column elementor-col-33 elementor-top-column elementor-element elementor-element-2bdaafc\" data-id=\"2bdaafc\" data-element_type=\"column\">\r\n                                 <div class=\"elementor-element-populated\"><div class=\"elementor-element elementor-element-25ee1d7 elementor-widget elementor-widget-image\" data-element_type=\"widget\" data-widget_type=\"image.default\"><div class=\"imagen\"><img decoding=\"async\" src=\"https:\/\/www.camaravalencia.com\/wp-content\/uploads\/2023\/01\/AulaInformatica.jpg\"><\/div><\/div><a href=\"https:\/\/www.camaravalencia.com\/va\/instalaciones\/aula-de-informatica\/\">\r\n                                                <div class=\"franja_aula\">\r\n                                                    <div class=\"nombre\">Aula de Inform\u00e1tica<\/div>\r\n                                                    <div class=\"cantidad\">(19 per.)<\/div>\r\n                                                <\/div>\r\n                                                <\/a><div class=\"precios\"><p><strong>1\/2 Jornada:<\/strong> 215 \u20ac<br><strong>Jornada:<\/strong> 365 \u20ac\r\n                                               <\/p>\r\n                                            <\/div>\r\n                                 <\/div>\r\n                            <\/div><div class=\"elementor-column elementor-col-33 elementor-top-column elementor-element elementor-element-2bdaafc\" data-id=\"2bdaafc\" data-element_type=\"column\">\r\n                                 <div class=\"elementor-element-populated\"><div class=\"elementor-element elementor-element-25ee1d7 elementor-widget elementor-widget-image\" data-element_type=\"widget\" data-widget_type=\"image.default\"><div class=\"imagen\"><img decoding=\"async\" src=\"https:\/\/www.camaravalencia.com\/wp-content\/uploads\/2023\/01\/5_banner-reserva-salas.jpg\"><\/div><\/div><a href=\"https:\/\/www.camaravalencia.com\/va\/instalaciones\/salon-de-actos\/\">\r\n                                                <div class=\"franja_aula\">\r\n                                                    <div class=\"nombre\">Sal\u00f3n de Actos<\/div>\r\n                                                    <div class=\"cantidad\">(60 per.)<\/div>\r\n                                                <\/div>\r\n                                                <\/a><div class=\"precios\"><p><strong>1\/2 Jornada:<\/strong> 365 \u20ac<br><strong>Jornada:<\/strong> 530 \u20ac\r\n                                               <\/p>\r\n                                            <\/div>\r\n                                 <\/div>\r\n                            <\/div><div class=\"elementor-column elementor-col-33 elementor-top-column elementor-element elementor-element-2bdaafc\" data-id=\"2bdaafc\" data-element_type=\"column\">\r\n                                 <div class=\"elementor-element-populated\"><div class=\"elementor-element elementor-element-25ee1d7 elementor-widget elementor-widget-image\" data-element_type=\"widget\" data-widget_type=\"image.default\"><div class=\"imagen\"><img decoding=\"async\" src=\"https:\/\/www.camaravalencia.com\/wp-content\/uploads\/2023\/01\/SalondeActos2.jpg\"><\/div><\/div><a href=\"https:\/\/www.camaravalencia.com\/va\/instalaciones\/salon-de-actos-100-pax\/\">\r\n                                                <div class=\"franja_aula\">\r\n                                                    <div class=\"nombre\">Sal\u00f3n de Actos (100 pax)<\/div>\r\n                                                    <div class=\"cantidad\">(100 per.)<\/div>\r\n                                                <\/div>\r\n                                                <\/a><div class=\"precios\"><p><strong>1\/2 Jornada:<\/strong> 710 \u20ac<br><strong>Jornada:<\/strong> 1040 \u20ac\r\n                                               <\/p>\r\n                                            <\/div>\r\n                                 <\/div>\r\n                            <\/div><\/div><\/section><\/div><\/div>\n\t\t\t\t\t\t<\/div>\n\t\t\t\t<\/div>\n\t\t\t\t\t<\/div>\n\t\t<\/div>\n\t\t\t\t\t<\/div>\n\t\t<\/section>\n\t\t\t\t<\/div>\n\t\t","protected":false},"excerpt":{"rendered":"","protected":false},"author":30,"featured_media":0,"parent":0,"menu_order":0,"comment_status":"closed","ping_status":"closed","template":"","meta":{"_acf_changed":false,"footnotes":""},"class_list":["post-14485","page","type-page","status-publish","hentry"],"acf":[],"yoast_head":"<!-- This site is optimized with the Yoast SEO plugin v27.3 - https:\/\/yoast.com\/product\/yoast-seo-wordpress\/ -->\n<title>Llista Instal\u00b7lacions - C\u00e1mara de Comercio de Valencia<\/title>\n<meta name=\"description\" content=\"El directorio de empresas, los programas de comercio internacional, y la bolsa de trabajo son algunos de los servicios m\u00e1s destacados de la C\u00e1mara de Comercio de Valencia. Pero adem\u00e1s, tendr\u00e1 a su disposici\u00f3n toda la actualidad y las noticias econ\u00f3micas, programas de creaci\u00f3n de empresas, subvenciones, licitaciones y concursos...\" \/>\n<meta name=\"robots\" content=\"index, follow, max-snippet:-1, max-image-preview:large, max-video-preview:-1\" \/>\n<link rel=\"canonical\" href=\"https:\/\/www.camaravalencia.com\/va\/lista-instalaciones\/\" \/>\n<meta property=\"og:locale\" content=\"en_US\" \/>\n<meta property=\"og:type\" content=\"article\" \/>\n<meta property=\"og:title\" content=\"Llista Instal\u00b7lacions - C\u00e1mara de Comercio de Valencia\" \/>\n<meta property=\"og:description\" content=\"El directorio de empresas, los programas de comercio internacional, y la bolsa de trabajo son algunos de los servicios m\u00e1s destacados de la C\u00e1mara de Comercio de Valencia. Pero adem\u00e1s, tendr\u00e1 a su disposici\u00f3n toda la actualidad y las noticias econ\u00f3micas, programas de creaci\u00f3n de empresas, subvenciones, licitaciones y concursos...\" \/>\n<meta property=\"og:url\" content=\"https:\/\/www.camaravalencia.com\/va\/lista-instalaciones\" \/>\n<meta property=\"og:site_name\" content=\"C\u00e1mara de Comercio de Valencia\" \/>\n<meta property=\"article:publisher\" content=\"http:\/\/www.facebook.com\/camaracomerciovalencia\/\" \/>\n<meta property=\"article:modified_time\" content=\"2023-05-17T09:08:27+00:00\" \/>\n<meta property=\"og:image\" content=\"https:\/\/www.camaravalencia.com\/wp-content\/uploads\/2023\/01\/logo-camara-valencia-300x300-1.png\" \/>\n\t<meta property=\"og:image:width\" content=\"300\" \/>\n\t<meta property=\"og:image:height\" content=\"300\" \/>\n\t<meta property=\"og:image:type\" content=\"image\/png\" \/>\n<meta name=\"twitter:card\" content=\"summary_large_image\" \/>\n<meta name=\"twitter:site\" content=\"@camaravalencia\" \/>\n<meta name=\"twitter:label1\" content=\"Est. reading time\" \/>\n\t<meta name=\"twitter:data1\" content=\"1 minute\" \/>\n<script type=\"application\/ld+json\" class=\"yoast-schema-graph\">{\"@context\":\"https:\\\/\\\/schema.org\",\"@graph\":[{\"@type\":\"WebPage\",\"@id\":\"https:\\\/\\\/www.camaravalencia.com\\\/va\\\/lista-instalaciones\\\/\",\"url\":\"https:\\\/\\\/www.camaravalencia.com\\\/va\\\/lista-instalaciones\\\/\",\"name\":\"Llista Instal\u00b7lacions - C\u00e1mara de Comercio de Valencia\",\"isPartOf\":{\"@id\":\"https:\\\/\\\/www.camaravalencia.com\\\/va\\\/#website\"},\"datePublished\":\"2023-02-09T09:09:17+00:00\",\"dateModified\":\"2023-05-17T09:08:27+00:00\",\"description\":\"El directorio de empresas, los programas de comercio internacional, y la bolsa de trabajo son algunos de los servicios m\u00e1s destacados de la C\u00e1mara de Comercio de Valencia. Pero adem\u00e1s, tendr\u00e1 a su disposici\u00f3n toda la actualidad y las noticias econ\u00f3micas, programas de creaci\u00f3n de empresas, subvenciones, licitaciones y concursos...\",\"breadcrumb\":{\"@id\":\"https:\\\/\\\/www.camaravalencia.com\\\/va\\\/lista-instalaciones\\\/#breadcrumb\"},\"inLanguage\":\"va\",\"potentialAction\":[{\"@type\":\"ReadAction\",\"target\":[\"https:\\\/\\\/www.camaravalencia.com\\\/va\\\/lista-instalaciones\\\/\"]}]},{\"@type\":\"BreadcrumbList\",\"@id\":\"https:\\\/\\\/www.camaravalencia.com\\\/va\\\/lista-instalaciones\\\/#breadcrumb\",\"itemListElement\":[{\"@type\":\"ListItem\",\"position\":1,\"name\":\"Perfil del Contratante\",\"item\":\"https:\\\/\\\/www.camaravalencia.com\\\/va\\\/\"},{\"@type\":\"ListItem\",\"position\":2,\"name\":\"Llista Instal\u00b7lacions\"}]},{\"@type\":\"WebSite\",\"@id\":\"https:\\\/\\\/www.camaravalencia.com\\\/va\\\/#website\",\"url\":\"https:\\\/\\\/www.camaravalencia.com\\\/va\\\/\",\"name\":\"C\u00e1mara de Comercio de Valencia\",\"description\":\"El directorio de empresas, los programas de comercio internacional, y la bolsa de trabajo son algunos de los servicios m\u00e1s destacados de la C\u00e1mara de Comercio de Valencia Pero adem\u00e1s, tendr\u00e1 a su disposici\u00f3n toda la actualidad y las noticias econ\u00f3micas, programas de creaci\u00f3n de empresas, subvenciones, licitaciones y concursos, etc\",\"publisher\":{\"@id\":\"https:\\\/\\\/www.camaravalencia.com\\\/va\\\/#organization\"},\"potentialAction\":[{\"@type\":\"SearchAction\",\"target\":{\"@type\":\"EntryPoint\",\"urlTemplate\":\"https:\\\/\\\/www.camaravalencia.com\\\/va\\\/?s={search_term_string}\"},\"query-input\":{\"@type\":\"PropertyValueSpecification\",\"valueRequired\":true,\"valueName\":\"search_term_string\"}}],\"inLanguage\":\"va\"},{\"@type\":\"Organization\",\"@id\":\"https:\\\/\\\/www.camaravalencia.com\\\/va\\\/#organization\",\"name\":\"C\u00e1mara de Comercio de Valencia\",\"url\":\"https:\\\/\\\/www.camaravalencia.com\\\/va\\\/\",\"logo\":{\"@type\":\"ImageObject\",\"inLanguage\":\"va\",\"@id\":\"https:\\\/\\\/www.camaravalencia.com\\\/va\\\/#\\\/schema\\\/logo\\\/image\\\/\",\"url\":\"https:\\\/\\\/www.camaravalencia.com\\\/wp-content\\\/uploads\\\/2023\\\/01\\\/logo-camara-valencia-300x300-1.png\",\"contentUrl\":\"https:\\\/\\\/www.camaravalencia.com\\\/wp-content\\\/uploads\\\/2023\\\/01\\\/logo-camara-valencia-300x300-1.png\",\"width\":300,\"height\":300,\"caption\":\"C\u00e1mara de Comercio de Valencia\"},\"image\":{\"@id\":\"https:\\\/\\\/www.camaravalencia.com\\\/va\\\/#\\\/schema\\\/logo\\\/image\\\/\"},\"sameAs\":[\"http:\\\/\\\/www.facebook.com\\\/camaracomerciovalencia\\\/\",\"https:\\\/\\\/x.com\\\/camaravalencia\",\"https:\\\/\\\/www.youtube.com\\\/user\\\/CamaraVLC\",\"https:\\\/\\\/www.pinterest.es\\\/empleoytalento\\\/\",\"https:\\\/\\\/www.linkedin.com\\\/company\\\/camara-valencia\\\/\"]}]}<\/script>\n<!-- \/ Yoast SEO plugin. -->","yoast_head_json":{"title":"Llista Instal\u00b7lacions - C\u00e1mara de Comercio de Valencia","description":"El directorio de empresas, los programas de comercio internacional, y la bolsa de trabajo son algunos de los servicios m\u00e1s destacados de la C\u00e1mara de Comercio de Valencia. Pero adem\u00e1s, tendr\u00e1 a su disposici\u00f3n toda la actualidad y las noticias econ\u00f3micas, programas de creaci\u00f3n de empresas, subvenciones, licitaciones y concursos...","robots":{"index":"index","follow":"follow","max-snippet":"max-snippet:-1","max-image-preview":"max-image-preview:large","max-video-preview":"max-video-preview:-1"},"canonical":"https:\/\/www.camaravalencia.com\/va\/lista-instalaciones\/","og_locale":"en_US","og_type":"article","og_title":"Llista Instal\u00b7lacions - C\u00e1mara de Comercio de Valencia","og_description":"El directorio de empresas, los programas de comercio internacional, y la bolsa de trabajo son algunos de los servicios m\u00e1s destacados de la C\u00e1mara de Comercio de Valencia. Pero adem\u00e1s, tendr\u00e1 a su disposici\u00f3n toda la actualidad y las noticias econ\u00f3micas, programas de creaci\u00f3n de empresas, subvenciones, licitaciones y concursos...","og_url":"https:\/\/www.camaravalencia.com\/va\/lista-instalaciones","og_site_name":"C\u00e1mara de Comercio de Valencia","article_publisher":"http:\/\/www.facebook.com\/camaracomerciovalencia\/","article_modified_time":"2023-05-17T09:08:27+00:00","og_image":[{"width":300,"height":300,"url":"https:\/\/www.camaravalencia.com\/wp-content\/uploads\/2023\/01\/logo-camara-valencia-300x300-1.png","type":"image\/png"}],"twitter_card":"summary_large_image","twitter_site":"@camaravalencia","twitter_misc":{"Est. reading time":"1 minute"},"schema":{"@context":"https:\/\/schema.org","@graph":[{"@type":"WebPage","@id":"https:\/\/www.camaravalencia.com\/va\/lista-instalaciones\/","url":"https:\/\/www.camaravalencia.com\/va\/lista-instalaciones\/","name":"Llista Instal\u00b7lacions - C\u00e1mara de Comercio de Valencia","isPartOf":{"@id":"https:\/\/www.camaravalencia.com\/va\/#website"},"datePublished":"2023-02-09T09:09:17+00:00","dateModified":"2023-05-17T09:08:27+00:00","description":"El directorio de empresas, los programas de comercio internacional, y la bolsa de trabajo son algunos de los servicios m\u00e1s destacados de la C\u00e1mara de Comercio de Valencia. Pero adem\u00e1s, tendr\u00e1 a su disposici\u00f3n toda la actualidad y las noticias econ\u00f3micas, programas de creaci\u00f3n de empresas, subvenciones, licitaciones y concursos...","breadcrumb":{"@id":"https:\/\/www.camaravalencia.com\/va\/lista-instalaciones\/#breadcrumb"},"inLanguage":"va","potentialAction":[{"@type":"ReadAction","target":["https:\/\/www.camaravalencia.com\/va\/lista-instalaciones\/"]}]},{"@type":"BreadcrumbList","@id":"https:\/\/www.camaravalencia.com\/va\/lista-instalaciones\/#breadcrumb","itemListElement":[{"@type":"ListItem","position":1,"name":"Perfil del Contratante","item":"https:\/\/www.camaravalencia.com\/va\/"},{"@type":"ListItem","position":2,"name":"Llista Instal\u00b7lacions"}]},{"@type":"WebSite","@id":"https:\/\/www.camaravalencia.com\/va\/#website","url":"https:\/\/www.camaravalencia.com\/va\/","name":"C\u00e1mara de Comercio de Valencia","description":"El directorio de empresas, los programas de comercio internacional, y la bolsa de trabajo son algunos de los servicios m\u00e1s destacados de la C\u00e1mara de Comercio de Valencia Pero adem\u00e1s, tendr\u00e1 a su disposici\u00f3n toda la actualidad y las noticias econ\u00f3micas, programas de creaci\u00f3n de empresas, subvenciones, licitaciones y concursos, etc","publisher":{"@id":"https:\/\/www.camaravalencia.com\/va\/#organization"},"potentialAction":[{"@type":"SearchAction","target":{"@type":"EntryPoint","urlTemplate":"https:\/\/www.camaravalencia.com\/va\/?s={search_term_string}"},"query-input":{"@type":"PropertyValueSpecification","valueRequired":true,"valueName":"search_term_string"}}],"inLanguage":"va"},{"@type":"Organization","@id":"https:\/\/www.camaravalencia.com\/va\/#organization","name":"C\u00e1mara de Comercio de Valencia","url":"https:\/\/www.camaravalencia.com\/va\/","logo":{"@type":"ImageObject","inLanguage":"va","@id":"https:\/\/www.camaravalencia.com\/va\/#\/schema\/logo\/image\/","url":"https:\/\/www.camaravalencia.com\/wp-content\/uploads\/2023\/01\/logo-camara-valencia-300x300-1.png","contentUrl":"https:\/\/www.camaravalencia.com\/wp-content\/uploads\/2023\/01\/logo-camara-valencia-300x300-1.png","width":300,"height":300,"caption":"C\u00e1mara de Comercio de Valencia"},"image":{"@id":"https:\/\/www.camaravalencia.com\/va\/#\/schema\/logo\/image\/"},"sameAs":["http:\/\/www.facebook.com\/camaracomerciovalencia\/","https:\/\/x.com\/camaravalencia","https:\/\/www.youtube.com\/user\/CamaraVLC","https:\/\/www.pinterest.es\/empleoytalento\/","https:\/\/www.linkedin.com\/company\/camara-valencia\/"]}]}},"_links":{"self":[{"href":"https:\/\/www.camaravalencia.com\/va\/wp-json\/wp\/v2\/pages\/14485","targetHints":{"allow":["GET"]}}],"collection":[{"href":"https:\/\/www.camaravalencia.com\/va\/wp-json\/wp\/v2\/pages"}],"about":[{"href":"https:\/\/www.camaravalencia.com\/va\/wp-json\/wp\/v2\/types\/page"}],"author":[{"embeddable":true,"href":"https:\/\/www.camaravalencia.com\/va\/wp-json\/wp\/v2\/users\/30"}],"replies":[{"embeddable":true,"href":"https:\/\/www.camaravalencia.com\/va\/wp-json\/wp\/v2\/comments?post=14485"}],"version-history":[{"count":1,"href":"https:\/\/www.camaravalencia.com\/va\/wp-json\/wp\/v2\/pages\/14485\/revisions"}],"predecessor-version":[{"id":14486,"href":"https:\/\/www.camaravalencia.com\/va\/wp-json\/wp\/v2\/pages\/14485\/revisions\/14486"}],"wp:attachment":[{"href":"https:\/\/www.camaravalencia.com\/va\/wp-json\/wp\/v2\/media?parent=14485"}],"curies":[{"name":"wp","href":"https:\/\/api.w.org\/{rel}","templated":true}]}}